{"id":352,"date":"2013-08-05T14:31:22","date_gmt":"2013-08-05T12:31:22","guid":{"rendered":"https:\/\/www.parthages.be\/wordpress\/produit\/voyage-autour-de-ma-vie-mon-passe-en-memoire\/"},"modified":"2023-05-09T08:59:25","modified_gmt":"2023-05-09T06:59:25","slug":"voyage-autour-de-ma-vie-mon-passe-en-memoire","status":"publish","type":"product","link":"https:\/\/www.parthages.be\/eboutique\/produit\/voyage-autour-de-ma-vie-mon-passe-en-memoire\/","title":{"rendered":"Voyage autour de ma vie. Mon pass\u00e9 en m\u00e9moire"},"content":{"rendered":"<p>Un formidable outil pour stimuler la m\u00e9moire de vos r\u00e9sidents, un support in\u00e9dit pour accompagner vos r\u00e9sidents \u00e0 \u00e9crire leur histoire de vie et \u00e0 la partager avec leur famille.<\/p>\n<p>\u201c Quand on aime la vie, on aime le pass\u00e9, parce que c\u2019est le pr\u00e9sent tel qu\u2019il a surv\u00e9cu dans la m\u00e9moire.\u201d (Marguerite YOURCENAR, \u00e9crivaine.)<\/p>\n<p>\u201c Voyage autour de ma vie\u00bb est un livre qui retrace pas \u00e0 pas tout le parcours d\u2019une vie. Il est destin\u00e9 \u00e0 partager de grands moments d\u2019\u00e9motion et \u00e0 stimuler la m\u00e9moire gr\u00e2ce \u00e0 l\u2019\u00e9criture de souvenirs au travers de 26 th\u00e8mes qui vous guideront dans la r\u00e9flexion et la r\u00e9daction.<\/p>\n<p><strong>Moha R.<\/strong><\/p>\n<p>P\u00e9trarque<\/p>\n<p>2011 \u2013 172p. \u2013 26\u20ac &#8211; 635gr<\/p>\n<p>ISBN\u00a0: 2-911730-45-3<\/p>\n<p>Cote doc\u00a0: 3-30-MOH-V<\/p>\n<p><strong><em>Uniquement \u00e0 la location<\/em><\/strong><\/p>\n<p>C\u2019est aussi un \u201c almanach \u201d familial qui pourra \u00eatre transmis afin que les r\u00e9cits puissent traverser les g\u00e9n\u00e9rations et que l\u2019histoire perdure.<\/p>\n<p>Alors c\u2019est d\u00e9cid\u00e9 ? Activez votre m\u00e9moire et souvenez-vous des moments les plus attachants et \u00e9mouvants de votre vie!<\/p>\n<p>Si vous souhaitez le faire avec d\u2019autres personnes proches ou non, alors posez vous, faites le point, et racontez vous des choses.<\/p>\n<p>Remontez dans le temps : enfance, adolescence. Souvenez-vous de ces plats que vous adoriez.<\/p>\n<p>Repensez \u00e0 vos premi\u00e8res amours, votre carri\u00e8re professionnelle ou encore ces moments de partage avec vos amis. Rassemblez tous vos souvenirs, faites-en un beau paquet cadeau.<\/p>\n<p>Ajoutez vos photos et compl\u00e9tez l\u2019arbre g\u00e9n\u00e9alogique afin de r\u00e9aliser le livre de votre vie. (Pr\u00e9sentation de l&rsquo;\u00e9diteur)<\/p>\n<span class=\"et_bloom_bottom_trigger\"><\/span>","protected":false},"excerpt":{"rendered":"<p>Un formidable outil pour stimuler la m\u00e9moire de vos r\u00e9sidents, un support in\u00e9dit pour accompagner vos r\u00e9sidents \u00e0 \u00e9crire leur histoire de vie et \u00e0 la partager avec leur famille.<\/p>\n","protected":false},"featured_media":351,"comment_status":"open","ping_status":"closed","template":"","meta":{"_et_pb_use_builder":"","_et_pb_old_content":"","_et_gb_content_width":"","spay_email":""},"class_list":["post-352","product","type-product","status-publish","has-post-thumbnail","hentry","product_cat-livres","product_tag-histoire-de-vie","product_tag-memoire","product_tag-outil","product_tag-personne-agee","product_tag-stimulant"],"jetpack_sharing_enabled":true,"jetpack_likes_enabled":true,"_links":{"self":[{"href":"https:\/\/www.parthages.be\/eboutique\/wp-json\/wp\/v2\/product\/352","targetHints":{"allow":["GET"]}}],"collection":[{"href":"https:\/\/www.parthages.be\/eboutique\/wp-json\/wp\/v2\/product"}],"about":[{"href":"https:\/\/www.parthages.be\/eboutique\/wp-json\/wp\/v2\/types\/product"}],"replies":[{"embeddable":true,"href":"https:\/\/www.parthages.be\/eboutique\/wp-json\/wp\/v2\/comments?post=352"}],"wp:featuredmedia":[{"embeddable":true,"href":"https:\/\/www.parthages.be\/eboutique\/wp-json\/wp\/v2\/media\/351"}],"wp:attachment":[{"href":"https:\/\/www.parthages.be\/eboutique\/wp-json\/wp\/v2\/media?parent=352"}],"curies":[{"name":"wp","href":"https:\/\/api.w.org\/{rel}","templated":true}]}}