{"id":380,"date":"2013-10-28T11:45:04","date_gmt":"2013-10-28T10:45:04","guid":{"rendered":"https:\/\/www.parthages.be\/wordpress\/produit\/droit-de-la-bioethique\/"},"modified":"2013-10-28T11:45:04","modified_gmt":"2013-10-28T10:45:04","slug":"droit-de-la-bioethique","status":"publish","type":"product","link":"https:\/\/www.parthages.be\/eboutique\/produit\/droit-de-la-bioethique\/","title":{"rendered":"Droit de la bio\u00e9thique"},"content":{"rendered":"<p>Le droit de la bio\u00e9thique est une branche du droit r\u00e9cente qui ne fait que s&rsquo;\u00e9toffer au fil des r\u00e9visions l\u00e9gislatives r\u00e9guli\u00e8res pr\u00e9vues syst\u00e9matiquement depuis 1994.<\/p>\n<p>La seconde r\u00e9forme programm\u00e9e, la loi n\u00b0 2011-814 du 7 juillet 2011 a l\u00e9galis\u00e9 le don crois\u00e9 d&rsquo;organes, cr\u00e9\u00e9 un statut juridique au profit du donneur vivant tant pour favoriser les dons d&rsquo;organes que ceux d&rsquo;ovocytes et institutionnalis\u00e9 les \u00e9tats g\u00e9n\u00e9raux de la bio\u00e9thique. Par ailleurs, tout en refusant la l\u00e9galisation de la maternit\u00e9 de substitution et la procr\u00e9ation post mortem, elle a \u00f4t\u00e9 tout caract\u00e8re exp\u00e9rimental \u00e0 la technique du double DPI (\u00ab b\u00e9b\u00e9 m\u00e9dicament \u00bb) et \u00e0 la recherche sur l&#8217;embryon humain et ses diff\u00e9rentes \u00ab d\u00e9clinaisons \u00bb, telles les cellules souches embryonnaires, et a autoris\u00e9 la ratification de la convention d&rsquo;Oviedo qui est entr\u00e9e en vigueur \u00e0 l&rsquo;\u00e9gard de la France le 1er avril 2012.<\/p>\n<p>Le titre premier de cet ouvrage a pour objet de pr\u00e9senter la gen\u00e8se du droit de la bio\u00e9thique. Ind\u00e9pendamment du concept ayant conduit \u00e0 son \u00e9laboration et des principes fondamentaux le gouvernant, ce titre traite des instances ayant un r\u00f4le ou une comp\u00e9tence dans le champ de la bio\u00e9thique en tant que source directe ou indirecte des normes futures, tels le Comit\u00e9 consultatif national d&rsquo;\u00e9thique ou encore, au niveau r\u00e9gional ou interr\u00e9gional, les espaces de r\u00e9flexion \u00e9thique, dont la cr\u00e9ation est devenue enfin possible, en droit, depuis un arr\u00eat\u00e9 du 4 janvier 2012, mais aussi des normes internationales et europ\u00e9ennes dans la ligne desquelles il doit n\u00e9cessairement s&rsquo;inscrire.<\/p>\n<p>LEGROS B.<\/p>\n<p>Les \u00e9tudes hospitali\u00e8res \u00e9ditions<\/p>\n<p>2013- 352 p.-560gr- 50\u20ac<\/p>\n<p>ISBN\u00a0978-2-84874-432-2:<\/p>\n<span class=\"et_bloom_bottom_trigger\"><\/span>","protected":false},"excerpt":{"rendered":"<p>Le droit de la bio\u00e9thique est une branche du droit r\u00e9cente qui ne fait que s&rsquo;\u00e9toffer au fil des r\u00e9visions l\u00e9gislatives r\u00e9guli\u00e8res pr\u00e9vues syst\u00e9matiquement depuis 1994.<\/p>\n","protected":false},"featured_media":379,"comment_status":"open","ping_status":"closed","template":"","meta":{"_et_pb_use_builder":"","_et_pb_old_content":"","_et_gb_content_width":"","spay_email":""},"class_list":["post-380","product","type-product","status-publish","has-post-thumbnail","hentry","product_cat-livres","product_tag-analyse","product_tag-ethique","product_tag-politique-de-sante","product_tag-reflexion","product_tag-sante-publique"],"jetpack_sharing_enabled":true,"jetpack_likes_enabled":true,"_links":{"self":[{"href":"https:\/\/www.parthages.be\/eboutique\/wp-json\/wp\/v2\/product\/380","targetHints":{"allow":["GET"]}}],"collection":[{"href":"https:\/\/www.parthages.be\/eboutique\/wp-json\/wp\/v2\/product"}],"about":[{"href":"https:\/\/www.parthages.be\/eboutique\/wp-json\/wp\/v2\/types\/product"}],"replies":[{"embeddable":true,"href":"https:\/\/www.parthages.be\/eboutique\/wp-json\/wp\/v2\/comments?post=380"}],"wp:featuredmedia":[{"embeddable":true,"href":"https:\/\/www.parthages.be\/eboutique\/wp-json\/wp\/v2\/media\/379"}],"wp:attachment":[{"href":"https:\/\/www.parthages.be\/eboutique\/wp-json\/wp\/v2\/media?parent=380"}],"curies":[{"name":"wp","href":"https:\/\/api.w.org\/{rel}","templated":true}]}}