{"id":40,"date":"2012-09-24T11:37:53","date_gmt":"2012-09-24T09:37:53","guid":{"rendered":"https:\/\/www.parthages.be\/wordpress\/produit\/adolescence-et-troubles-du-comportement-en-institution-3e-ed\/"},"modified":"2022-05-10T13:48:43","modified_gmt":"2022-05-10T11:48:43","slug":"adolescence-et-troubles-du-comportement-en-institution-3e-ed","status":"publish","type":"product","link":"https:\/\/www.parthages.be\/eboutique\/produit\/adolescence-et-troubles-du-comportement-en-institution-3e-ed\/","title":{"rendered":"Adolescence et troubles du comportement en institution 3e Ed."},"content":{"rendered":"<p>Les Instituts th\u00e9rapeutique, \u00e9ducatifs et p\u00e9dagogiques (ITEP) accueillent des adolescents pr\u00e9sentant des troubles du comportement (sans d\u00e9ficiences intellectuelles) qui les rendent incassables socialement. Ce livre examine sur le plan administratif et clinique la situation de ce secteur important, qui occupe le second rang des \u00e9tablissements m\u00e9dico-sociaux et parcourir sur les plans \u00e9ducatif, p\u00e9dagogique et th\u00e9rapeutique les questions majeures et les approches th\u00e9oriques de la psychologie et de l\u2019anthropologie \u00e0 l\u2019\u0153uvre dans ce domaine. Troisi\u00e8me \u00e9dition \u00e0 jour de la r\u00e9glementation. (Pr\u00e9sentation de l\u2019\u00e9diteur)<\/p>\n<p>WACJMAN C.<\/p>\n<p>Dunod<\/p>\n<p>2007-276p.-29\u20ac<\/p>\n<p>510gr<\/p>\n<p>ISBN: 978-2-10-050976-8<\/p>\n<p>Cote doc: 2-30-A2<\/p>\n<span class=\"et_bloom_bottom_trigger\"><\/span>","protected":false},"excerpt":{"rendered":"<p>Les Instituts th\u00e9rapeutique, \u00e9ducatifs et p\u00e9dagogiques (ITEP) accueillent des adolescents pr\u00e9sentant des troubles du comportement (sans d\u00e9ficiences intellectuelles) qui les rendent incassables socialement.<\/p>\n","protected":false},"featured_media":39,"comment_status":"open","ping_status":"closed","template":"","meta":{"_et_pb_use_builder":"","_et_pb_old_content":"","_et_gb_content_width":"","spay_email":""},"class_list":["post-40","product","type-product","status-publish","has-post-thumbnail","hentry","product_cat-livres","product_tag-adolescent","product_tag-delinquance","product_tag-education","product_tag-enfant","product_tag-france","product_tag-institution","product_tag-legislation","product_tag-pedagogie","product_tag-psychologie","product_tag-therapeutique","product_tag-trouble-du-comportement"],"jetpack_sharing_enabled":true,"jetpack_likes_enabled":true,"_links":{"self":[{"href":"https:\/\/www.parthages.be\/eboutique\/wp-json\/wp\/v2\/product\/40","targetHints":{"allow":["GET"]}}],"collection":[{"href":"https:\/\/www.parthages.be\/eboutique\/wp-json\/wp\/v2\/product"}],"about":[{"href":"https:\/\/www.parthages.be\/eboutique\/wp-json\/wp\/v2\/types\/product"}],"replies":[{"embeddable":true,"href":"https:\/\/www.parthages.be\/eboutique\/wp-json\/wp\/v2\/comments?post=40"}],"wp:featuredmedia":[{"embeddable":true,"href":"https:\/\/www.parthages.be\/eboutique\/wp-json\/wp\/v2\/media\/39"}],"wp:attachment":[{"href":"https:\/\/www.parthages.be\/eboutique\/wp-json\/wp\/v2\/media?parent=40"}],"curies":[{"name":"wp","href":"https:\/\/api.w.org\/{rel}","templated":true}]}}