{"id":408,"date":"2013-12-12T12:11:10","date_gmt":"2013-12-12T11:11:10","guid":{"rendered":"https:\/\/www.parthages.be\/wordpress\/produit\/contes-a-conter\/"},"modified":"2025-04-29T13:34:24","modified_gmt":"2025-04-29T11:34:24","slug":"contes-a-conter","status":"publish","type":"product","link":"https:\/\/www.parthages.be\/eboutique\/produit\/contes-a-conter\/","title":{"rendered":"Contes \u00e0 conter"},"content":{"rendered":"<p>Les contes de f\u00e9es sont pour les enfants une sorte de fen\u00eatre, ouverte sp\u00e9cialement pour eux sur le monde. Ces r\u00e9cits imagin\u00e9s ont infiniment plus de choses \u00e0 enseigner sur les probl\u00e8mes int\u00e9rieurs de l&rsquo;\u00eatre humain et leurs solutions que n&rsquo;importe quel autre type d&rsquo;histoires dites \u00e0 port\u00e9e de l&rsquo;entendement enfantin. Ils sont plus instructifs que la r\u00e9alit\u00e9, elle-m\u00eame trop complexe pour une pens\u00e9e en construction.<\/p>\n<p>Les 15 contes propos\u00e9s dans cet ouvrage, d&rsquo;inspiration tr\u00e8s diverse, proc\u00e8dent tous de la m\u00eame p\u00e9dagogie. Quelle que soit sa coloration, chacun d&rsquo;eux, comme en un point fort, aborde d&rsquo;une mani\u00e8re privil\u00e9gi\u00e9e un des probl\u00e8mes particuliers qui se posent \u00e0 l&rsquo;enfant.<\/p>\n<p>Une courte page intitul\u00e9e \u00ab regard de l&rsquo;\u00e9ducateur \u00bb pr\u00e9cise pour chacun les intentions de l&rsquo;auteur. Elle a \u00e9t\u00e9 r\u00e9dig\u00e9e volontairement avec des mots de tous les jours.<\/p>\n<p>Cet ouvrage s&rsquo;adresse \u00e0 tous : parents, grands-parents, animateurs culturels, enseignants, biblioth\u00e9caires&#8230; Des \u00e9l\u00e9ments cl\u00e9s sont donn\u00e9s pour s&rsquo;approprier ais\u00e9ment les potentialit\u00e9s \u00e9ducatrices du conte.(Pr\u00e9sentation de l&rsquo;\u00e9diteur)<\/p>\n<p>DUTEY G.<\/p>\n<p>Chronique sociale<\/p>\n<p>2013-144p-207gr-12.50\u20ac<\/p>\n<p>ISBN: \u00a0978-2-85008-908-4<\/p>\n<p>Cote doc\u00a0:10-10-DUT-C<\/p>\n<span class=\"et_bloom_bottom_trigger\"><\/span>","protected":false},"excerpt":{"rendered":"<p>Les contes de f\u00e9es sont pour les enfants une sorte de fen\u00eatre, ouverte sp\u00e9cialement pour eux sur le monde.<\/p>\n","protected":false},"featured_media":407,"comment_status":"open","ping_status":"closed","template":"","meta":{"_et_pb_use_builder":"","_et_pb_old_content":"","_et_gb_content_width":"","spay_email":""},"class_list":["post-408","product","type-product","status-publish","has-post-thumbnail","hentry","product_cat-livres","product_tag-communication","product_tag-conte","product_tag-enseignant","product_tag-parent"],"jetpack_sharing_enabled":true,"jetpack_likes_enabled":true,"_links":{"self":[{"href":"https:\/\/www.parthages.be\/eboutique\/wp-json\/wp\/v2\/product\/408","targetHints":{"allow":["GET"]}}],"collection":[{"href":"https:\/\/www.parthages.be\/eboutique\/wp-json\/wp\/v2\/product"}],"about":[{"href":"https:\/\/www.parthages.be\/eboutique\/wp-json\/wp\/v2\/types\/product"}],"replies":[{"embeddable":true,"href":"https:\/\/www.parthages.be\/eboutique\/wp-json\/wp\/v2\/comments?post=408"}],"wp:featuredmedia":[{"embeddable":true,"href":"https:\/\/www.parthages.be\/eboutique\/wp-json\/wp\/v2\/media\/407"}],"wp:attachment":[{"href":"https:\/\/www.parthages.be\/eboutique\/wp-json\/wp\/v2\/media?parent=408"}],"curies":[{"name":"wp","href":"https:\/\/api.w.org\/{rel}","templated":true}]}}