{"id":432,"date":"2014-03-13T09:29:40","date_gmt":"2014-03-13T08:29:40","guid":{"rendered":"https:\/\/www.parthages.be\/wordpress\/produit\/alzheimer-et-vulnerabilite\/"},"modified":"2025-04-29T13:34:24","modified_gmt":"2025-04-29T11:34:24","slug":"alzheimer-et-vulnerabilite","status":"publish","type":"product","link":"https:\/\/www.parthages.be\/eboutique\/produit\/alzheimer-et-vulnerabilite\/","title":{"rendered":"Alzheimer et vuln\u00e9rabilit\u00e9"},"content":{"rendered":"<p>\u00c0 travers cet ouvrage, la communaut\u00e9 m\u00e9dicale, scientifique, sociologique, philosophique, juridique propose d&rsquo;approfondir les r\u00e9flexions sur la vuln\u00e9rabilit\u00e9 des patients, des familles, des proches et m\u00eame des soignants, durant les phases tr\u00e8s pr\u00e9coces de la maladie mais \u00e9galement tout au long du d\u00e9veloppement du handicap mental, cognitif et comportemental, et m\u00eame du handicap physique jusqu&rsquo;aux stades s\u00e9v\u00e8res, lorsque le patient a perdu toute autonomie, toute capacit\u00e9 \u00e0 d\u00e9cider, lorsqu&rsquo;il doit \u00eatre plac\u00e9 en institution o\u00f9 il finira certainement ses jours.<\/p>\n<p>La maladie d&rsquo;Alzheimer repr\u00e9sente un facteur de risque de fragilit\u00e9 et de d\u00e9compensation aigu\u00eb majeur, son diagnostic pr\u00e9coce permet d&rsquo;impliquer le patient dans un parcours de soins m\u00e9dicaux, param\u00e9dicaux, sociaux et parfois juridiques permettant de pr\u00e9venir au mieux les \u00e9tats de crise incontr\u00f4l\u00e9s.<\/p>\n<p>Cet ouvrage insiste \u00e9galement sur l&rsquo;ensemble des mesures que l&rsquo;on peut appliquer afin de pr\u00e9venir ces d\u00e9compensations.<br \/>\nDes psychologues, des m\u00e9decins responsables d&rsquo;espaces \u00e9thiques, des soignants, des philosophes vous proposent dans ce livre de r\u00e9fl\u00e9chir aux questions \u00e9thiques que vous vous posez d\u00e8s le diagnostic et de partager leurs r\u00e9flexions.<\/p>\n<p>Il n&rsquo;est plus question de se demander si la soci\u00e9t\u00e9 peut assumer le handicap mental et physique li\u00e9 \u00e0 la population vieillissante mais comment elle doit s&rsquo;organiser pour que nos t\u00eates grises puissent traverser la p\u00e9riode du grand \u00e2ge en toute dignit\u00e9. (Pr\u00e9sentation de l&rsquo;\u00e9diteur)<\/p>\n<p>KOPP N., KROLAK-SALMON P.<br \/>\nChronique sociale: Comprendre les personnes<br \/>\n2012 &#8211; 239p. \u2013 340gr \u2013<\/p>\n<p>ISBN\u00a0: 978-2-85008-940-4<\/p>\n<p>Cote doc: 1-70-KOP-A<\/p>\n<span class=\"et_bloom_bottom_trigger\"><\/span>","protected":false},"excerpt":{"rendered":"<p>\u00c0 travers cet ouvrage, la communaut\u00e9 m\u00e9dicale, scientifique, sociologique, philosophique, juridique propose d&rsquo;approfondir les r\u00e9flexions sur la vuln\u00e9rabilit\u00e9 des patients, des familles, des proches et m\u00eame des soignants,&#8230;<\/p>\n","protected":false},"featured_media":431,"comment_status":"open","ping_status":"closed","template":"","meta":{"_et_pb_use_builder":"","_et_pb_old_content":"","_et_gb_content_width":"","spay_email":""},"class_list":["post-432","product","type-product","status-publish","has-post-thumbnail","hentry","product_cat-livres","product_tag-alzheimer","product_tag-diagnostic","product_tag-ethique","product_tag-facteur-de-risque","product_tag-famille","product_tag-handicap-mental","product_tag-handicap-physique","product_tag-institution","product_tag-personnel-de-sante","product_tag-prevention","product_tag-vieillissement","product_tag-vulnerabilite"],"jetpack_sharing_enabled":true,"jetpack_likes_enabled":true,"_links":{"self":[{"href":"https:\/\/www.parthages.be\/eboutique\/wp-json\/wp\/v2\/product\/432","targetHints":{"allow":["GET"]}}],"collection":[{"href":"https:\/\/www.parthages.be\/eboutique\/wp-json\/wp\/v2\/product"}],"about":[{"href":"https:\/\/www.parthages.be\/eboutique\/wp-json\/wp\/v2\/types\/product"}],"replies":[{"embeddable":true,"href":"https:\/\/www.parthages.be\/eboutique\/wp-json\/wp\/v2\/comments?post=432"}],"wp:featuredmedia":[{"embeddable":true,"href":"https:\/\/www.parthages.be\/eboutique\/wp-json\/wp\/v2\/media\/431"}],"wp:attachment":[{"href":"https:\/\/www.parthages.be\/eboutique\/wp-json\/wp\/v2\/media?parent=432"}],"curies":[{"name":"wp","href":"https:\/\/api.w.org\/{rel}","templated":true}]}}