{"id":436,"date":"2014-03-13T09:32:44","date_gmt":"2014-03-13T08:32:44","guid":{"rendered":"https:\/\/www.parthages.be\/wordpress\/produit\/l-action-medico-sociale-au-service-des-personnes-handicapees-pour-un-juste-renouveau\/"},"modified":"2021-08-23T09:26:17","modified_gmt":"2021-08-23T07:26:17","slug":"l-action-medico-sociale-au-service-des-personnes-handicapees-pour-un-juste-renouveau","status":"publish","type":"product","link":"https:\/\/www.parthages.be\/eboutique\/produit\/l-action-medico-sociale-au-service-des-personnes-handicapees-pour-un-juste-renouveau\/","title":{"rendered":"L&rsquo;action m\u00e9dico-sociale au service des personnes handicap\u00e9es: Pour un juste renouveau"},"content":{"rendered":"<p>\u00ab Aborder dans le cadre d\u2019une r\u00e9flexion de fond \u00ab l\u2019action m\u00e9dico-sociale au service des personnes handicap\u00e9es \u00bb, c\u2019est s\u2019engager r\u00e9solument dans un combat qui touche au vivre ensemble, \u00e0 nos responsabilit\u00e9s et \u00e0 nos solidarit\u00e9s aupr\u00e8s des personnes les plus vuln\u00e9rables d\u2019entre nous. Ce livre constitue un acte politique important, \u00e0 la fois par les valeurs et les engagements dont il t\u00e9moigne, par les critiques qu\u2019il pose et analyse \u00e0 propos des insuffisances et des dysfonctionnements dans la prise en soin des personnes affect\u00e9es d\u2019un handicap, par sa capacit\u00e9 \u00e0 r\u00e9unir les comp\u00e9tences les plus averties pour ne pas se limiter \u00e0 l\u2019\u00e9nonc\u00e9 des carences v\u00e9cues comme d\u2019insupportables n\u00e9gligences et une inacceptable d\u00e9faite, enfin par sa force de propositions et l\u2019envie d\u2019agir autrement qu\u2019il g\u00e9n\u00e8re. \u00bb Emmanuel Hirsch<\/p>\n<p>Conna\u00eetre et comprendre les dysfonctionnements de l\u2019action m\u00e9dico-sociale pour pouvoir engager un juste renouveau, telle est en effet l\u2019ambition de ce travail collectif conduit sans complaisance ni renoncement. Les auteurs appellent \u00e0 un changement, pour mieux r\u00e9pondre aux besoins et aux attentes des personnes handicap\u00e9es, qui soit \u00ab juste \u00bb car \u00e9thique, r\u00e9aliste, \u00e9galitaire, reposant sur la responsabilit\u00e9 de chacun \u00e0 l\u2019\u00e9gard de soi-m\u00eame et de tous. (Pr\u00e9sentation de l&rsquo;\u00e9diteur)<\/p>\n<p>ZUCMAN E.<\/p>\n<p>Er\u00e8s<\/p>\n<p>2013 \u2013 287p. \u2013 211gr \u2013 15,00\u20ac<\/p>\n<p>ISBN\u00a0: 978-2-7492-3941-5<\/p>\n<p>Cote doc\u00a0: 7-10-ZUC-A<\/p>\n<span class=\"et_bloom_bottom_trigger\"><\/span>","protected":false},"excerpt":{"rendered":"<p>\u00ab Aborder dans le cadre d\u2019une r\u00e9flexion de fond \u00ab l\u2019action m\u00e9dico-sociale au service des personnes handicap\u00e9es \u00bb, c\u2019est s\u2019engager r\u00e9solument dans un combat qui touche au vivre ensemble, \u00e0 nos responsabilit\u00e9s et \u00e0 nos solidarit\u00e9s aupr\u00e8s des personnes les plus vuln\u00e9rables d\u2019entre nous.<\/p>\n","protected":false},"featured_media":1615,"comment_status":"open","ping_status":"closed","template":"","meta":{"_et_pb_use_builder":"","_et_pb_old_content":"","_et_gb_content_width":"","spay_email":""},"class_list":["post-436","product","type-product","status-publish","has-post-thumbnail","hentry","product_cat-livres","product_tag-etablissement-de-sante","product_tag-etablissement-pour-personnes-han","product_tag-fonctionnement","product_tag-personne-handicapee","product_tag-politique-de-sante","product_tag-prise-en-charge"],"jetpack_sharing_enabled":true,"jetpack_likes_enabled":true,"_links":{"self":[{"href":"https:\/\/www.parthages.be\/eboutique\/wp-json\/wp\/v2\/product\/436","targetHints":{"allow":["GET"]}}],"collection":[{"href":"https:\/\/www.parthages.be\/eboutique\/wp-json\/wp\/v2\/product"}],"about":[{"href":"https:\/\/www.parthages.be\/eboutique\/wp-json\/wp\/v2\/types\/product"}],"replies":[{"embeddable":true,"href":"https:\/\/www.parthages.be\/eboutique\/wp-json\/wp\/v2\/comments?post=436"}],"wp:featuredmedia":[{"embeddable":true,"href":"https:\/\/www.parthages.be\/eboutique\/wp-json\/wp\/v2\/media\/1615"}],"wp:attachment":[{"href":"https:\/\/www.parthages.be\/eboutique\/wp-json\/wp\/v2\/media?parent=436"}],"curies":[{"name":"wp","href":"https:\/\/api.w.org\/{rel}","templated":true}]}}