{"id":440,"date":"2014-06-12T10:07:02","date_gmt":"2014-06-12T08:07:02","guid":{"rendered":"https:\/\/www.parthages.be\/wordpress\/produit\/justice-pour-les-personnes-handicapees\/"},"modified":"2021-08-09T10:21:55","modified_gmt":"2021-08-09T08:21:55","slug":"justice-pour-les-personnes-handicapees","status":"publish","type":"product","link":"https:\/\/www.parthages.be\/eboutique\/produit\/justice-pour-les-personnes-handicapees\/","title":{"rendered":"Justice pour les personnes handicap\u00e9es"},"content":{"rendered":"<p>SANCHEZ P.<\/p>\n<p>PUG<\/p>\n<p>2014-344p.-460gr- 20,60\u20ac<\/p>\n<p>ISBN: 978-2-7061-1884-5<\/p>\n<p>Cote doc\u00a0:8-10-SAN-J<\/p>\n<p>Comment justifier que l\u2019\u00c9tat pr\u00e9l\u00e8ve des taxes et cotisations sur les revenus des valides pour compenser les handicaps des personnes d\u00e9ficientes ? Jusqu\u2019o\u00f9 doit aller la compensation du handicap ? Est-il juste de favoriser les personnes handicap\u00e9es dans les recrutements en instaurant des quotas de travailleurs handicap\u00e9s dans les entreprises et les administrations ? Le d\u00e9faut de vie sexuelle de certaines personnes handicap\u00e9es doit-il entra\u00eener compensation ? Pourquoi aider les aidants familiaux et comment ? La philosophie politique apporte des r\u00e9ponses \u00e0 ces questions dans des d\u00e9bats contradictoires rigoureux. L\u2019objectif de l\u2019auteur est de d\u00e9terminer un cadre normatif, suivant l\u2019approche des capabilit\u00e9s, d\u00e9limitant ce qui est juste et ce qui ne l\u2019est pas concernant les politiques publiques de compensation des handicaps.<\/p>\n<p>(Pr\u00e9sentation de l&rsquo;\u00e9diteur)<\/p>\n<span class=\"et_bloom_bottom_trigger\"><\/span>","protected":false},"excerpt":{"rendered":"<p>Comment justifier que l\u2019\u00c9tat pr\u00e9l\u00e8ve des taxes et cotisations sur les revenus des valides pour compenser les handicaps des personnes d\u00e9ficientes ?<\/p>\n","protected":false},"featured_media":1512,"comment_status":"open","ping_status":"closed","template":"","meta":{"_et_pb_use_builder":"","_et_pb_old_content":"","_et_gb_content_width":"","spay_email":""},"class_list":["post-440","product","type-product","status-publish","has-post-thumbnail","hentry","product_cat-livres","product_tag-compensation","product_tag-debat","product_tag-ethique","product_tag-justice","product_tag-personne-handicapee","product_tag-politique","product_tag-reflexion","product_tag-societe"],"jetpack_sharing_enabled":true,"jetpack_likes_enabled":true,"_links":{"self":[{"href":"https:\/\/www.parthages.be\/eboutique\/wp-json\/wp\/v2\/product\/440","targetHints":{"allow":["GET"]}}],"collection":[{"href":"https:\/\/www.parthages.be\/eboutique\/wp-json\/wp\/v2\/product"}],"about":[{"href":"https:\/\/www.parthages.be\/eboutique\/wp-json\/wp\/v2\/types\/product"}],"replies":[{"embeddable":true,"href":"https:\/\/www.parthages.be\/eboutique\/wp-json\/wp\/v2\/comments?post=440"}],"wp:featuredmedia":[{"embeddable":true,"href":"https:\/\/www.parthages.be\/eboutique\/wp-json\/wp\/v2\/media\/1512"}],"wp:attachment":[{"href":"https:\/\/www.parthages.be\/eboutique\/wp-json\/wp\/v2\/media?parent=440"}],"curies":[{"name":"wp","href":"https:\/\/api.w.org\/{rel}","templated":true}]}}