{"id":450,"date":"2014-06-12T10:16:15","date_gmt":"2014-06-12T08:16:15","guid":{"rendered":"https:\/\/www.parthages.be\/wordpress\/produit\/autisme-et-psychomotricite\/"},"modified":"2022-07-26T07:55:16","modified_gmt":"2022-07-26T05:55:16","slug":"autisme-et-psychomotricite","status":"publish","type":"product","link":"https:\/\/www.parthages.be\/eboutique\/produit\/autisme-et-psychomotricite\/","title":{"rendered":"Autisme et psychomotricit\u00e9"},"content":{"rendered":"<p>PERRIN J.-MAFFRE T.<\/p>\n<p>Editions De Boeck<\/p>\n<p>2013-520p.-770gr<\/p>\n<p>ISBN\u00a0: 978-2-35327-234-1<\/p>\n<p>Cote doc: 1-70-PER-A<\/p>\n<p>Cet ouvrage offre un \u00e9tat des lieux des connaissances r\u00e9centes relatives au d\u00e9veloppement psychomoteur et d\u00e9cline les modes d\u2019intervention possibles aupr\u00e8s des personnes pr\u00e9sentant un trouble du spectre autistique.<\/p>\n<p>A la lumi\u00e8re des recherches les plus r\u00e9centes, et tenant compte de la diversit\u00e9 des tableaux cliniques, les auteurs dessinent les contours du cadre d\u2019intervention en psychomotricit\u00e9 aupr\u00e8s des personnes avec un trouble du spectre autistique, tant sur le plan de l\u2019\u00e9valuation que de l\u2019intervention.<\/p>\n<p>Ils proposent ainsi un \u00e9tat des lieux de connaissance dans des domaines cl\u00e9s du d\u00e9veloppement et des particularit\u00e9s rencontr\u00e9es dans\u00a0 l\u2019autisme. Dans un second volet, plus clinique, diff\u00e9rents t\u00e9moignages de pratiques (aupr\u00e8s d\u2019enfants, d\u2019adolescents ou d\u2019adultes) permettront au lecteur de se repr\u00e9senter la fa\u00e7on dont le psychomotricien peut aborder et travailler ces diff\u00e9rentes dimensions dans le cadre de sa prise en charge. (Pr\u00e9sentation de l&rsquo;\u00e9diteur)<\/p>\n<span class=\"et_bloom_bottom_trigger\"><\/span>","protected":false},"excerpt":{"rendered":"<p>Cet ouvrage offre un \u00e9tat des lieux des connaissances r\u00e9centes relatives au d\u00e9veloppement psychomoteur et d\u00e9cline les modes d\u2019intervention possibles aupr\u00e8s des personnes pr\u00e9sentant un trouble du spectre autistique.<\/p>\n","protected":false},"featured_media":449,"comment_status":"open","ping_status":"closed","template":"","meta":{"_et_pb_use_builder":"","_et_pb_old_content":"","_et_gb_content_width":"","spay_email":""},"class_list":["post-450","product","type-product","status-publish","has-post-thumbnail","hentry","product_cat-livres","product_tag-autisme","product_tag-intervention-adaptee","product_tag-psychomotricite","product_tag-reeducation","product_tag-temoignage","product_tag-trouble-neurologique"],"jetpack_sharing_enabled":true,"jetpack_likes_enabled":true,"_links":{"self":[{"href":"https:\/\/www.parthages.be\/eboutique\/wp-json\/wp\/v2\/product\/450","targetHints":{"allow":["GET"]}}],"collection":[{"href":"https:\/\/www.parthages.be\/eboutique\/wp-json\/wp\/v2\/product"}],"about":[{"href":"https:\/\/www.parthages.be\/eboutique\/wp-json\/wp\/v2\/types\/product"}],"replies":[{"embeddable":true,"href":"https:\/\/www.parthages.be\/eboutique\/wp-json\/wp\/v2\/comments?post=450"}],"wp:featuredmedia":[{"embeddable":true,"href":"https:\/\/www.parthages.be\/eboutique\/wp-json\/wp\/v2\/media\/449"}],"wp:attachment":[{"href":"https:\/\/www.parthages.be\/eboutique\/wp-json\/wp\/v2\/media?parent=450"}],"curies":[{"name":"wp","href":"https:\/\/api.w.org\/{rel}","templated":true}]}}