{"id":480,"date":"2014-10-23T13:35:49","date_gmt":"2014-10-23T11:35:49","guid":{"rendered":"https:\/\/www.parthages.be\/wordpress\/produit\/l-evaluation-du-traumatisme-cranien\/"},"modified":"2021-09-06T17:12:10","modified_gmt":"2021-09-06T15:12:10","slug":"l-evaluation-du-traumatisme-cranien","status":"publish","type":"product","link":"https:\/\/www.parthages.be\/eboutique\/produit\/l-evaluation-du-traumatisme-cranien\/","title":{"rendered":"L&rsquo;\u00e9valuation du traumatisme cr\u00e2nien"},"content":{"rendered":"<p>Chaque ann\u00e9e, 180 \u00e0 250 personnes sur 100 000 habitants sont victimes d\u2019un traumatisme cr\u00e2nien. Beaucoup survivent, mais conservent des s\u00e9quelles. Se posent alors deux questions : la premi\u00e8re, d\u2019ordre m\u00e9dical, porte sur la d\u00e9finition de l\u2019\u00e9tat de conscience et sur l\u2019\u00e9valuation du handicap du patient ; la seconde, d\u2019ordre juridique, s\u2019interroge sur l\u2019indemnisation du dommage subi.<\/p>\n<p>Partant de ces questions, le pr\u00e9sent ouvrage pr\u00e9sente, d\u2019une part, les diff\u00e9rents \u00ab outils \u00bb dont dispose l\u2019expert m\u00e9dico-l\u00e9gal pour effectuer au mieux son diagnostic et d\u00e9nonce, d\u2019autre part, une jurisprudence in\u00e9quitable qui \u00e9tablit l\u2019\u00e9tat de conscience comme condition pr\u00e9alable du dommage et \/ ou de sa r\u00e9paration :<\/p>\n<p>&#8211; Olivia Gosseries, Steven Laureys et Audrey Vanhaudenhuyse proposent une d\u00e9finition clinique de la conscience et distinguent cinq \u00e9tats de conscience alt\u00e9r\u00e9e. Ils passent \u00e9galement en revue les outils cliniques et para-cliniques permettant d\u2019\u00e9valuer l\u2019\u00e9tat de conscience d\u2019une personne c\u00e9r\u00e9brol\u00e9s\u00e9e, avant d\u2019\u00e9voquer les traitements possibles.<\/p>\n<p>&#8211; Jacques De Mol aborde les troubles cognitifs cons\u00e9quents \u00e0 un traumatisme cr\u00e2nien. Il expose les difficult\u00e9s et les limites auxquelles se heurte l\u2019expert lors de l\u2019\u00e9valuation de ces troubles.<\/p>\n<p>&#8211; Jean Vauthier et Jean-Pierre Lauwereys pr\u00e9sentent trois \u00e9tudes de cas dans lesquelles ils \u00e9valuent la r\u00e9cup\u00e9ration des patients traumatis\u00e9s cr\u00e2niens en adoptant une approche environnementale.<\/p>\n<p>&#8211; Pierre Lucas d\u00e9crit la sp\u00e9cificit\u00e9 de l\u2019expertise d\u2019un traumatis\u00e9 cr\u00e2nien et dresse diff\u00e9rents tableaux cliniques de s\u00e9quelles post-traumatiques. Il se penche \u00e9galement sur les cas particuliers d\u2019enfants et de personnes \u00e2g\u00e9es c\u00e9r\u00e9brol\u00e9s\u00e9s.<\/p>\n<p>&#8211; Jean-Luc Fagnart aborde la question de la jurisprudence en Belgique, mais \u00e9galement en France, au Royaume-Uni et dans les pays germaniques. Il \u00e9voque ensuite les r\u00e9flexions actuelles concernant l\u2019indemnisation des victimes dont la conscience est alt\u00e9r\u00e9e.<\/p>\n<p>Un ouvrage qui s\u2019adresse \u00e0 toutes les personnes confront\u00e9es \u00e0 cette probl\u00e9matique : les gestionnaires de sinistres, les m\u00e9decins experts, les avocats et les victimes.(Pr\u00e9sentation de l&rsquo;\u00e9diteur)<\/p>\n<p>LUTTE I.<\/p>\n<p>Anth\u00e9mis<\/p>\n<p>2011-136p.219gr-63\u20ac<\/p>\n<p>ISBN\u00a0: 978-2-87455-368-4<\/p>\n<p>Cote doc\u00a0: 6-20-LUT-E<\/p>\n<span class=\"et_bloom_bottom_trigger\"><\/span>","protected":false},"excerpt":{"rendered":"<p>Chaque ann\u00e9e, 180 \u00e0 250 personnes sur 100 000 habitants sont victimes d\u2019un traumatisme cr\u00e2nien. Beaucoup survivent, mais conservent des s\u00e9quelles. Se posent alors deux questions : la premi\u00e8re, d\u2019ordre m\u00e9dical, porte sur la d\u00e9finition de l\u2019\u00e9tat de conscience et sur l\u2019\u00e9valuation du handicap du patient ; la seconde, d\u2019ordre juridique, s\u2019interroge sur l\u2019indemnisation du dommage subi.<\/p>\n","protected":false},"featured_media":479,"comment_status":"open","ping_status":"closed","template":"","meta":{"_et_pb_use_builder":"","_et_pb_old_content":"","_et_gb_content_width":"","spay_email":""},"class_list":["post-480","product","type-product","status-publish","has-post-thumbnail","hentry","product_cat-livres","product_tag-definition","product_tag-diagnostic","product_tag-dommage-corporel","product_tag-jurisprudence","product_tag-traumatisme","product_tag-trouble-cognitif"],"jetpack_sharing_enabled":true,"jetpack_likes_enabled":true,"_links":{"self":[{"href":"https:\/\/www.parthages.be\/eboutique\/wp-json\/wp\/v2\/product\/480","targetHints":{"allow":["GET"]}}],"collection":[{"href":"https:\/\/www.parthages.be\/eboutique\/wp-json\/wp\/v2\/product"}],"about":[{"href":"https:\/\/www.parthages.be\/eboutique\/wp-json\/wp\/v2\/types\/product"}],"replies":[{"embeddable":true,"href":"https:\/\/www.parthages.be\/eboutique\/wp-json\/wp\/v2\/comments?post=480"}],"wp:featuredmedia":[{"embeddable":true,"href":"https:\/\/www.parthages.be\/eboutique\/wp-json\/wp\/v2\/media\/479"}],"wp:attachment":[{"href":"https:\/\/www.parthages.be\/eboutique\/wp-json\/wp\/v2\/media?parent=480"}],"curies":[{"name":"wp","href":"https:\/\/api.w.org\/{rel}","templated":true}]}}