{"id":486,"date":"2014-10-23T13:53:06","date_gmt":"2014-10-23T11:53:06","guid":{"rendered":"https:\/\/www.parthages.be\/wordpress\/produit\/la-protection-des-incapables-majeurs-et-le-droit-du-mandat\/"},"modified":"2021-09-17T09:08:55","modified_gmt":"2021-09-17T07:08:55","slug":"la-protection-des-incapables-majeurs-et-le-droit-du-mandat","status":"publish","type":"product","link":"https:\/\/www.parthages.be\/eboutique\/produit\/la-protection-des-incapables-majeurs-et-le-droit-du-mandat\/","title":{"rendered":"La protection des incapables majeurs et le droit du mandat"},"content":{"rendered":"<p>Le premier ouvrage consacr\u00e9 \u00e0 la r\u00e9forme des incapables<\/p>\n<p>Cet ouvrage fournit un \u00e9clairage pluridisciplinaire et une analyse de droit compar\u00e9 belge, suisse et qu\u00e9b\u00e9cois sur les questions relatives \u00e0 la protection des incapables majeurs, afin de mieux comprendre les r\u00e9formes l\u00e9gislatives r\u00e9alis\u00e9es et celles en pr\u00e9paration.<\/p>\n<p>Sont ainsi d\u00e9velopp\u00e9s les th\u00e8mes suivants :<\/p>\n<p>&#8211; les objectifs et dispositions relatives \u00e0 la personne dans la loi belge du 17 mars 2013 r\u00e9formant le r\u00e9gime d\u2019incapacit\u00e9 des majeurs ;<\/p>\n<p>&#8211; l\u2019\u00e9tude de la responsabilit\u00e9 civile des acteurs du nouveau r\u00e9gime juridique dans la gestion du patrimoine des personnes vuln\u00e9rables en droit belge ;<\/p>\n<p>&#8211; la protection extrajudiciaire des personnes majeures vuln\u00e9rables en droit belge ;<\/p>\n<p>&#8211; le point de vue des juges de paix sur la nouvelle protection des personnes majeures vuln\u00e9rables ;<\/p>\n<p>&#8211; le mandat pour cause d\u2019inaptitude en droit suisse ;<\/p>\n<p>&#8211; le mandat donn\u00e9 en pr\u00e9vision de l\u2019inaptitude en droit qu\u00e9b\u00e9cois.<\/p>\n<p>Les contributions sont l\u2019oeuvre de sp\u00e9cialistes issus du monde juridique belge, de l\u2019Universit\u00e9 Libre de Bruxelles, de l\u2019Universit\u00e9 de\u00a0 Montr\u00e9al, de l\u2019Universit\u00e9 de Gen\u00e8ve.(Pr\u00e9sentation de l&rsquo;\u00e9diteur)<\/p>\n<p>Sous la direction de GALLUS N.<\/p>\n<p>Anth\u00e9mis<\/p>\n<p>2013 -190p.376gr-76,00\u20ac<\/p>\n<p>ISBN\u00a0: 978-2-87455-693-7<\/p>\n<p>Cote doc\u00a0: 6-20-GAL-P<\/p>\n<span class=\"et_bloom_bottom_trigger\"><\/span>","protected":false},"excerpt":{"rendered":"<p>Le premier ouvrage consacr\u00e9 \u00e0 la r\u00e9forme des incapables<\/p>\n","protected":false},"featured_media":485,"comment_status":"open","ping_status":"closed","template":"","meta":{"_et_pb_use_builder":"","_et_pb_old_content":"","_et_gb_content_width":"","spay_email":""},"class_list":["post-486","product","type-product","status-publish","has-post-thumbnail","hentry","product_cat-livres","product_tag-belgique","product_tag-droit","product_tag-gestion","product_tag-incapacite","product_tag-legalisation","product_tag-personne-handicapee","product_tag-protection","product_tag-quebec","product_tag-suisse"],"jetpack_sharing_enabled":true,"jetpack_likes_enabled":true,"_links":{"self":[{"href":"https:\/\/www.parthages.be\/eboutique\/wp-json\/wp\/v2\/product\/486","targetHints":{"allow":["GET"]}}],"collection":[{"href":"https:\/\/www.parthages.be\/eboutique\/wp-json\/wp\/v2\/product"}],"about":[{"href":"https:\/\/www.parthages.be\/eboutique\/wp-json\/wp\/v2\/types\/product"}],"replies":[{"embeddable":true,"href":"https:\/\/www.parthages.be\/eboutique\/wp-json\/wp\/v2\/comments?post=486"}],"wp:featuredmedia":[{"embeddable":true,"href":"https:\/\/www.parthages.be\/eboutique\/wp-json\/wp\/v2\/media\/485"}],"wp:attachment":[{"href":"https:\/\/www.parthages.be\/eboutique\/wp-json\/wp\/v2\/media?parent=486"}],"curies":[{"name":"wp","href":"https:\/\/api.w.org\/{rel}","templated":true}]}}