{"id":492,"date":"2014-11-07T10:54:08","date_gmt":"2014-11-07T09:54:08","guid":{"rendered":"https:\/\/www.parthages.be\/wordpress\/produit\/handicap-et-politique-2\/"},"modified":"2021-09-06T16:35:53","modified_gmt":"2021-09-06T14:35:53","slug":"handicap-et-politique-2","status":"publish","type":"product","link":"https:\/\/www.parthages.be\/eboutique\/produit\/handicap-et-politique-2\/","title":{"rendered":"Handicap et politique"},"content":{"rendered":"<p>Est-il possible de penser conjointement le quotidien des personnes handicap\u00e9es et les enjeux de soci\u00e9t\u00e9 qui le fa\u00e7onnent ?\u00a0 \u00ab\u00a0Handicap et Politique\u00a0\u00bb construit un savoir r\u00e9ciproque sur l&rsquo;incapacit\u00e9 d\u00e9cr\u00e9t\u00e9e par une soci\u00e9t\u00e9 et la sant\u00e9 de la chose publique qui s&rsquo;y manifeste. On y d\u00e9couvre des r\u00e9cits d&rsquo;exp\u00e9riences, des descriptions institutionnelles, des recommandations politiques, des analyses s\u00e9quentielles et aussi des objets nomades, Freud g\u00e9n\u00e9raliste, le rapport des classes moyennes au sens, le m\u00e9decin de Balzac et les risques de d\u00e9sagr\u00e9gation publique. L&rsquo;ouvrage propose \u00e0 son lecteur de cheminer avec lui pour qu&rsquo;il cr\u00e9e sa propre route, dans une institution collective du savoir.. (Pr\u00e9sentation de l&rsquo;\u00e9diteur)<\/p>\n<p>BOCKSTAEL E.<\/p>\n<p>Equipages \u00e9ditions<\/p>\n<p>1993 -308 p.-580gr-8,00\u20ac<\/p>\n<p>ISBN\u00a0: 2-930072-00-8<\/p>\n<p>Cote doc\u00a0: 7-10-BOC-S\/2<\/p>\n<span class=\"et_bloom_bottom_trigger\"><\/span>","protected":false},"excerpt":{"rendered":"<p>Est-il possible de penser conjointement le quotidien des personnes handicap\u00e9es et les enjeux de soci\u00e9t\u00e9 qui le fa\u00e7onnent ?\u00a0 \u00ab\u00a0Handicap et Politique\u00a0\u00bb construit un savoir r\u00e9ciproque sur l&rsquo;incapacit\u00e9 d\u00e9cr\u00e9t\u00e9e par une soci\u00e9t\u00e9 et la sant\u00e9 de la chose publique qui s&rsquo;y manifeste.<\/p>\n","protected":false},"featured_media":491,"comment_status":"open","ping_status":"closed","template":"","meta":{"_et_pb_use_builder":"","_et_pb_old_content":"","_et_gb_content_width":"","spay_email":""},"class_list":["post-492","product","type-product","status-publish","has-post-thumbnail","hentry","product_cat-livres","product_tag-accompagnement","product_tag-deficience-intellectuelle","product_tag-dispositif-carat-en-accompagneme","product_tag-economie-sociale","product_tag-ethique","product_tag-experience-sociale","product_tag-handicap","product_tag-incapacite","product_tag-personne-handicapee","product_tag-psychanalyse","product_tag-psychologie","product_tag-societe","product_tag-temoignage"],"jetpack_sharing_enabled":true,"jetpack_likes_enabled":true,"_links":{"self":[{"href":"https:\/\/www.parthages.be\/eboutique\/wp-json\/wp\/v2\/product\/492","targetHints":{"allow":["GET"]}}],"collection":[{"href":"https:\/\/www.parthages.be\/eboutique\/wp-json\/wp\/v2\/product"}],"about":[{"href":"https:\/\/www.parthages.be\/eboutique\/wp-json\/wp\/v2\/types\/product"}],"replies":[{"embeddable":true,"href":"https:\/\/www.parthages.be\/eboutique\/wp-json\/wp\/v2\/comments?post=492"}],"wp:featuredmedia":[{"embeddable":true,"href":"https:\/\/www.parthages.be\/eboutique\/wp-json\/wp\/v2\/media\/491"}],"wp:attachment":[{"href":"https:\/\/www.parthages.be\/eboutique\/wp-json\/wp\/v2\/media?parent=492"}],"curies":[{"name":"wp","href":"https:\/\/api.w.org\/{rel}","templated":true}]}}