{"id":576,"date":"2015-11-04T13:42:50","date_gmt":"2015-11-04T12:42:50","guid":{"rendered":"https:\/\/www.parthages.be\/wordpress\/produit\/personne-polyhandicapee-ethique-et-engagements-au-quotidien\/"},"modified":"2022-04-05T14:48:20","modified_gmt":"2022-04-05T12:48:20","slug":"personne-polyhandicapee-ethique-et-engagements-au-quotidien","status":"publish","type":"product","link":"https:\/\/www.parthages.be\/eboutique\/produit\/personne-polyhandicapee-ethique-et-engagements-au-quotidien\/","title":{"rendered":"Personne polyhandicap\u00e9e : \u00e9thique et engagements au quotidien"},"content":{"rendered":"<p>\u00c0 l\u2019initiative du Groupe polyhandicap France et de l\u2019Espace de r\u00e9flexion \u00e9thique de la r\u00e9gion \u00cele-de-France, des parents, des professionnels et des philosophes se sont associ\u00e9s pour confronter, dans chaque domaine de la vie au quotidien des personnes polyhandicap\u00e9es et de leurs proches, exp\u00e9riences, savoirs et points de vue.<\/p>\n<p>Sans concession, avec une exigence de v\u00e9rit\u00e9 et de responsabilit\u00e9, cet ouvrage d\u00e9veloppe des th\u00e9matiques importantes avec le souci de pr\u00e9senter des t\u00e9moignages, des observations et des expertises sp\u00e9cifiques qui se compl\u00e8tent pour parvenir \u00e0 une forme de coh\u00e9rence tellement indispensable face \u00e0 des circonstances qui si souvent nous d\u00e9fient.<\/p>\n<p>Les auteurs renvoient aux valeurs qui fondent la vie d\u00e9mocratique, tout en proposant tr\u00e8s concr\u00e8tement des rep\u00e8res et des modes d\u2019intervention respectueux d\u2019une personne polyhandicap\u00e9e, reconnue dans sa place et sa position parmi nous, au coeur de nos vies et de la soci\u00e9t\u00e9. Une d\u00e9marche d\u2019\u00e9thique appliqu\u00e9e originale qui vise le bien-\u00eatre et la r\u00e9alisation d\u2019une personne reconnue pour ce qu\u2019elle est, au-del\u00e0 de son polyhandicap.(Pr\u00e9sentation de l&rsquo;\u00e9diteur)<\/p>\n<p>HIRSCH E.- ZUCMAN E.<\/p>\n<p>Editions Er\u00e8s<\/p>\n<p>2015-160p.-367gr<\/p>\n<p>ISBN\u00a0978-2-923827-5-51-3<\/p>\n<p>Cote doc\u00a0: 2-60-HIR-D<\/p>\n<span class=\"et_bloom_bottom_trigger\"><\/span>","protected":false},"excerpt":{"rendered":"<p>\u00c0 l\u2019initiative du Groupe polyhandicap France et de l\u2019Espace de r\u00e9flexion \u00e9thique de la r\u00e9gion \u00cele-de-France&#8230;<\/p>\n","protected":false},"featured_media":575,"comment_status":"open","ping_status":"closed","template":"","meta":{"_et_pb_use_builder":"","_et_pb_old_content":"","_et_gb_content_width":"","spay_email":""},"class_list":["post-576","product","type-product","status-publish","has-post-thumbnail","hentry","product_cat-livres","product_tag-adaptation","product_tag-dignite","product_tag-ethique","product_tag-intervention-adaptee","product_tag-personne-handicapee","product_tag-polyhandicap","product_tag-respect"],"jetpack_sharing_enabled":true,"jetpack_likes_enabled":true,"_links":{"self":[{"href":"https:\/\/www.parthages.be\/eboutique\/wp-json\/wp\/v2\/product\/576","targetHints":{"allow":["GET"]}}],"collection":[{"href":"https:\/\/www.parthages.be\/eboutique\/wp-json\/wp\/v2\/product"}],"about":[{"href":"https:\/\/www.parthages.be\/eboutique\/wp-json\/wp\/v2\/types\/product"}],"replies":[{"embeddable":true,"href":"https:\/\/www.parthages.be\/eboutique\/wp-json\/wp\/v2\/comments?post=576"}],"wp:featuredmedia":[{"embeddable":true,"href":"https:\/\/www.parthages.be\/eboutique\/wp-json\/wp\/v2\/media\/575"}],"wp:attachment":[{"href":"https:\/\/www.parthages.be\/eboutique\/wp-json\/wp\/v2\/media?parent=576"}],"curies":[{"name":"wp","href":"https:\/\/api.w.org\/{rel}","templated":true}]}}