{"id":580,"date":"2015-11-04T13:47:43","date_gmt":"2015-11-04T12:47:43","guid":{"rendered":"https:\/\/www.parthages.be\/wordpress\/produit\/le-travailleur-handicape-aux-portes-de-l-inclusion\/"},"modified":"2015-11-04T13:47:43","modified_gmt":"2015-11-04T12:47:43","slug":"le-travailleur-handicape-aux-portes-de-l-inclusion","status":"publish","type":"product","link":"https:\/\/www.parthages.be\/eboutique\/produit\/le-travailleur-handicape-aux-portes-de-l-inclusion\/","title":{"rendered":"Le travailleur handicap\u00e9 aux portes de l&rsquo;inclusion"},"content":{"rendered":"<p>En f\u00e9vrier 2005, la loi sur le handicap pr\u00e9voit de d\u00e9velopper une politique centr\u00e9e sur la pleine participation des handicap\u00e9s \u00e0 la vie de la soci\u00e9t\u00e9 (\u00e9cole, transports, m\u00e9dias, logement, emploi, etc.). Elle a permis de nombreuses avanc\u00e9es, mais des difficult\u00e9s persistent, en particulier pour les travailleurs en ESAT (\u00e9tablissement et service d\u2019aide au travail) souhaitant rejoindre le milieu ordinaire ; peu d\u2019entre eux y parviennent.<\/p>\n<p>Les exigences du march\u00e9 de l\u2019emploi s\u2019accroissent, et le crit\u00e8re d\u2019employabilit\u00e9 s\u2019impose peu \u00e0 peu au d\u00e9triment de celui de l\u2019accessibilit\u00e9. Si cette tendance se poursuivait, elle contribuerait \u00e0 maintenir une compr\u00e9hension du handicap d\u00e9pass\u00e9e, centr\u00e9e sur les d\u00e9ficiences de la personne, en oubliant que l\u2019environnement coproduit, voire accro\u00eet, la situation de handicap.<\/p>\n<p>Suite \u00e0 son analyse, Bernard Lucas propose le d\u00e9veloppement de structures solidaires ouvertes aux travailleurs handicap\u00e9s comme une solution d\u2019int\u00e9gration professionnelle valorisante pour les travailleurs handicap\u00e9s sortant d\u2019ESAT. Cet ouvrage qui apporte des solutions int\u00e9ressera les professionnels et futurs professionnels du champ du travail social et de la politique du handicap.<\/p>\n<p>(Pr\u00e9sentation de l&rsquo;\u00e9diteur)<\/p>\n<p>\u00a0<\/p>\n<p>LUCAS B.<\/p>\n<p>Editions PUG<\/p>\n<p>2015-168p-230gr-29.15\u20ac<\/p>\n<p>ISBN\u00a0: 978-2-7061-2269-9<\/p>\n<span class=\"et_bloom_bottom_trigger\"><\/span>","protected":false},"excerpt":{"rendered":"<p>En f\u00e9vrier 2005, la loi sur le handicap pr\u00e9voit de d\u00e9velopper une politique centr\u00e9e sur la pleine participation des handicap\u00e9s \u00e0 la vie de la soci\u00e9t\u00e9&#8230;<\/p>\n","protected":false},"featured_media":579,"comment_status":"open","ping_status":"closed","template":"","meta":{"_et_pb_use_builder":"","_et_pb_old_content":"","_et_gb_content_width":"","spay_email":""},"class_list":["post-580","product","type-product","status-publish","has-post-thumbnail","hentry","product_cat-livres","product_tag-accessibilite","product_tag-egalite-des-chances","product_tag-emploi","product_tag-france","product_tag-inclusion","product_tag-participation","product_tag-personne-handicapee","product_tag-societe"],"jetpack_sharing_enabled":true,"jetpack_likes_enabled":true,"_links":{"self":[{"href":"https:\/\/www.parthages.be\/eboutique\/wp-json\/wp\/v2\/product\/580","targetHints":{"allow":["GET"]}}],"collection":[{"href":"https:\/\/www.parthages.be\/eboutique\/wp-json\/wp\/v2\/product"}],"about":[{"href":"https:\/\/www.parthages.be\/eboutique\/wp-json\/wp\/v2\/types\/product"}],"replies":[{"embeddable":true,"href":"https:\/\/www.parthages.be\/eboutique\/wp-json\/wp\/v2\/comments?post=580"}],"wp:featuredmedia":[{"embeddable":true,"href":"https:\/\/www.parthages.be\/eboutique\/wp-json\/wp\/v2\/media\/579"}],"wp:attachment":[{"href":"https:\/\/www.parthages.be\/eboutique\/wp-json\/wp\/v2\/media?parent=580"}],"curies":[{"name":"wp","href":"https:\/\/api.w.org\/{rel}","templated":true}]}}