{"id":589,"date":"2015-11-04T13:54:40","date_gmt":"2015-11-04T12:54:40","guid":{"rendered":"https:\/\/www.parthages.be\/wordpress\/produit\/autismes-les-inquietudes-d-une-psychanalyste\/"},"modified":"2022-03-23T17:14:04","modified_gmt":"2022-03-23T16:14:04","slug":"autismes-les-inquietudes-d-une-psychanalyste","status":"publish","type":"product","link":"https:\/\/www.parthages.be\/eboutique\/produit\/autismes-les-inquietudes-d-une-psychanalyste\/","title":{"rendered":"Autismes, les inquietudes d une psychanalyste"},"content":{"rendered":"<p>L\u2019auteur d\u00e9nonce la rigidit\u00e9, l\u2019autoritarisme et la standardisation des approches dict\u00e9es par le 3e Plan et leurs cons\u00e9quences n\u00e9fastes pour les personnes autistes et leurs familles. Elle d\u00e9veloppe des propositions d\u2019observation, d\u2019\u00e9valuation et de suivis pluridisciplinaires et transdisciplinaires \u2013 incluant la psychanalyse.<\/p>\n<p>Dans un souci de r\u00e9flexion et d\u2019engagement, Marie-Dominique Amy revient sur la plupart des mauvais proc\u00e8s intent\u00e9s en sorcellerie contre la psychopathologie d\u2019inspiration psychanalytique. Elle d\u00e9nonce les aspects id\u00e9ologiques qui emp\u00eachent un vrai d\u00e9bat, tout en d\u00e9fendant les recherches cognitives et des neurosciences et les pratiques int\u00e9gratives entreprises avec les enfants TED\/TSA dans une logique d\u2019ouverture(Pr\u00e9sentation de l&rsquo;\u00e9diteur)<\/p>\n<p>\u00a0<\/p>\n<p>AMY M-D.<\/p>\n<p>Editions Er\u00e8s<\/p>\n<p>2015-250p-190gr-13\u20ac<\/p>\n<p>ISBN\u00a0: 978-2-7492-4902-5<\/p>\n<span class=\"et_bloom_bottom_trigger\"><\/span>","protected":false},"excerpt":{"rendered":"<p>L\u2019auteur d\u00e9nonce la rigidit\u00e9, l\u2019autoritarisme et la standardisation des approches dict\u00e9es par le 3e Plan et leurs cons\u00e9quences n\u00e9fastes pour les personnes autistes et leurs familles<\/p>\n","protected":false},"featured_media":588,"comment_status":"open","ping_status":"closed","template":"","meta":{"_et_pb_use_builder":"","_et_pb_old_content":"","_et_gb_content_width":"","spay_email":""},"class_list":["post-589","product","type-product","status-publish","has-post-thumbnail","hentry","product_cat-livres","product_tag-autisme","product_tag-education","product_tag-personne-handicapee","product_tag-prise-en-charge","product_tag-relation-famille-soignant","product_tag-respect"],"jetpack_sharing_enabled":true,"jetpack_likes_enabled":true,"_links":{"self":[{"href":"https:\/\/www.parthages.be\/eboutique\/wp-json\/wp\/v2\/product\/589","targetHints":{"allow":["GET"]}}],"collection":[{"href":"https:\/\/www.parthages.be\/eboutique\/wp-json\/wp\/v2\/product"}],"about":[{"href":"https:\/\/www.parthages.be\/eboutique\/wp-json\/wp\/v2\/types\/product"}],"replies":[{"embeddable":true,"href":"https:\/\/www.parthages.be\/eboutique\/wp-json\/wp\/v2\/comments?post=589"}],"wp:featuredmedia":[{"embeddable":true,"href":"https:\/\/www.parthages.be\/eboutique\/wp-json\/wp\/v2\/media\/588"}],"wp:attachment":[{"href":"https:\/\/www.parthages.be\/eboutique\/wp-json\/wp\/v2\/media?parent=589"}],"curies":[{"name":"wp","href":"https:\/\/api.w.org\/{rel}","templated":true}]}}