{"id":599,"date":"2015-12-11T10:25:48","date_gmt":"2015-12-11T09:25:48","guid":{"rendered":"https:\/\/www.parthages.be\/wordpress\/produit\/la-chute-des-masques\/"},"modified":"2015-12-11T10:25:48","modified_gmt":"2015-12-11T09:25:48","slug":"la-chute-des-masques","status":"publish","type":"product","link":"https:\/\/www.parthages.be\/eboutique\/produit\/la-chute-des-masques\/","title":{"rendered":"La chute des masques"},"content":{"rendered":"<p>La discrimination est \u00e0 l\u2019\u0153uvre dans de nombreux domaines. On peut \u00eatre stigmatis\u00e9 en raison de son origine ethnique ou g\u00e9ographique, de sa religion, de son \u00e2ge, de son sexe, de son handicap, de sa maladie, de sa physionomie\u2026 \u00c0 l\u2019int\u00e9rieur des groupes eux-m\u00eames, la \u00ab t\u00eate de Turc \u00bb, le \u00ab vilain petit canard \u00bb, sont discrimin\u00e9s. La stigmatisation frappe aussi les histoires personnelles, les destins, les trajectoires de vie : avoir \u00e9t\u00e9 condamn\u00e9 par la justice, \u00eatre une ancienne prostitu\u00e9e, vivre et\/ou revendiquer une orientation sexuelle homo, bi ou trans.<\/p>\n<p>La vari\u00e9t\u00e9 de ces th\u00e8mes montre l\u2019int\u00e9r\u00eat d\u2019une r\u00e9flexion \u00e9largie mais pr\u00e9cise sur la discrimination et la stigmatisation. Comprendre ces processus permet de mieux lutter contre eux. La diversit\u00e9 des sujets abord\u00e9s, la multiplicit\u00e9 des angles de vue et des approches th\u00e9oriques, les nombreux exemples font de ce livre un \u00e9tat des lieux complet, accessible aux non sp\u00e9cialistes comme aux professionnels ou futurs professionnels du travail social et \u00e9ducatif.<\/p>\n<p>La chute des masques s\u2019impose !.<\/p>\n<p>(Pr\u00e9sentation de l&rsquo;\u00e9diteur)<\/p>\n<p>\u00a0<\/p>\n<p>DARGERE C.- H\u00c9AS S.<\/p>\n<p>PUG<\/p>\n<p>2015 &#8211; 266 p.-365gr- 19\u20ac<\/p>\n<p>ISBN\u00a0: 978-2-7061-2430-3<\/p>\n<span class=\"et_bloom_bottom_trigger\"><\/span>","protected":false},"excerpt":{"rendered":"<p>La discrimination est \u00e0 l\u2019\u0153uvre dans de nombreux domaines.<\/p>\n","protected":false},"featured_media":598,"comment_status":"open","ping_status":"closed","template":"","meta":{"_et_pb_use_builder":"","_et_pb_old_content":"","_et_gb_content_width":"","spay_email":""},"class_list":["post-599","product","type-product","status-publish","has-post-thumbnail","hentry","product_cat-livres","product_tag-accessibilite","product_tag-discrimination","product_tag-egalite-des-chances","product_tag-france","product_tag-personne-handicapee","product_tag-societe","product_tag-stigmatisation"],"jetpack_sharing_enabled":true,"jetpack_likes_enabled":true,"_links":{"self":[{"href":"https:\/\/www.parthages.be\/eboutique\/wp-json\/wp\/v2\/product\/599","targetHints":{"allow":["GET"]}}],"collection":[{"href":"https:\/\/www.parthages.be\/eboutique\/wp-json\/wp\/v2\/product"}],"about":[{"href":"https:\/\/www.parthages.be\/eboutique\/wp-json\/wp\/v2\/types\/product"}],"replies":[{"embeddable":true,"href":"https:\/\/www.parthages.be\/eboutique\/wp-json\/wp\/v2\/comments?post=599"}],"wp:featuredmedia":[{"embeddable":true,"href":"https:\/\/www.parthages.be\/eboutique\/wp-json\/wp\/v2\/media\/598"}],"wp:attachment":[{"href":"https:\/\/www.parthages.be\/eboutique\/wp-json\/wp\/v2\/media?parent=599"}],"curies":[{"name":"wp","href":"https:\/\/api.w.org\/{rel}","templated":true}]}}