{"id":615,"date":"2016-01-18T15:32:25","date_gmt":"2016-01-18T14:32:25","guid":{"rendered":"https:\/\/www.parthages.be\/wordpress\/produit\/les-enjeux-ethiques-du-handicap\/"},"modified":"2021-08-23T09:30:15","modified_gmt":"2021-08-23T07:30:15","slug":"les-enjeux-ethiques-du-handicap","status":"publish","type":"product","link":"https:\/\/www.parthages.be\/eboutique\/produit\/les-enjeux-ethiques-du-handicap\/","title":{"rendered":"Les enjeux \u00e9thiques du handicap"},"content":{"rendered":"<p>Les personnes en situation de handicap rencontrent, aujourd&rsquo;hui encore, bien des difficult\u00e9s, des barri\u00e8res, des discriminations et des exclusions. Des progr\u00e8s consid\u00e9rables ont permis, au cours des derni\u00e8res d\u00e9cennies, de transformer leur quotidien mais de nombreux d\u00e9fis demeurent. Cet ouvrage, fruit d&rsquo;un colloque international, \u00e9voque un certain nombre d&rsquo;enjeux \u00e9thiques autour du langage, des questions d&rsquo;inclusion, de reconnaissance, de solidarit\u00e9 ; les d\u00e9fis autour de la gouvernance, de l&rsquo;engagement associatif, la possibilit\u00e9 de mener une \u00ab\u00a0vie ordinaire\u00a0\u00bb, de travailler, de fonder une famille..(Pr\u00e9sentation de l&rsquo;\u00e9diteur)<\/p>\n<p>THIEL M.-J<\/p>\n<p>Presses universitaires de Strasbourg<\/p>\n<p>2014 &#8211; 456 p.-830gr-26\u20ac<\/p>\n<p>ISBN\u00a0: 978-2-86820-507-0<\/p>\n<p>Cote doc\u00a0: 7-10-THI-E<\/p>\n<span class=\"et_bloom_bottom_trigger\"><\/span>","protected":false},"excerpt":{"rendered":"<p>Les personnes en situation de handicap rencontrent, aujourd&rsquo;hui encore, bien des difficult\u00e9s, des barri\u00e8res, des discriminations et des exclusions.<\/p>\n","protected":false},"featured_media":614,"comment_status":"open","ping_status":"closed","template":"","meta":{"_et_pb_use_builder":"","_et_pb_old_content":"","_et_gb_content_width":"","spay_email":""},"class_list":["post-615","product","type-product","status-publish","has-post-thumbnail","hentry","product_cat-livres","product_tag-defi","product_tag-discrimination","product_tag-ethique","product_tag-evolution","product_tag-integration-sociale","product_tag-participation","product_tag-personne-handicapee","product_tag-vie-sociale"],"jetpack_sharing_enabled":true,"jetpack_likes_enabled":true,"_links":{"self":[{"href":"https:\/\/www.parthages.be\/eboutique\/wp-json\/wp\/v2\/product\/615","targetHints":{"allow":["GET"]}}],"collection":[{"href":"https:\/\/www.parthages.be\/eboutique\/wp-json\/wp\/v2\/product"}],"about":[{"href":"https:\/\/www.parthages.be\/eboutique\/wp-json\/wp\/v2\/types\/product"}],"replies":[{"embeddable":true,"href":"https:\/\/www.parthages.be\/eboutique\/wp-json\/wp\/v2\/comments?post=615"}],"wp:featuredmedia":[{"embeddable":true,"href":"https:\/\/www.parthages.be\/eboutique\/wp-json\/wp\/v2\/media\/614"}],"wp:attachment":[{"href":"https:\/\/www.parthages.be\/eboutique\/wp-json\/wp\/v2\/media?parent=615"}],"curies":[{"name":"wp","href":"https:\/\/api.w.org\/{rel}","templated":true}]}}