{"id":641,"date":"2016-05-17T11:43:10","date_gmt":"2016-05-17T09:43:10","guid":{"rendered":"https:\/\/www.parthages.be\/wordpress\/produit\/inclusion-socioprofessionnelle-des-personnes-en-situation-de-handicap-psychique-mental-et-cognitif\/"},"modified":"2021-10-05T10:01:28","modified_gmt":"2021-10-05T08:01:28","slug":"inclusion-socioprofessionnelle-des-personnes-en-situation-de-handicap-psychique-mental-et-cognitif","status":"publish","type":"product","link":"https:\/\/www.parthages.be\/eboutique\/produit\/inclusion-socioprofessionnelle-des-personnes-en-situation-de-handicap-psychique-mental-et-cognitif\/","title":{"rendered":"Inclusion socioprofessionnelle des personnes en situation de handicap psychique, mental et cognitif"},"content":{"rendered":"<p>En prenant appui sur l&rsquo;analyse individuelle et collective d&rsquo;une situation de maintien dans l&#8217;emploi dans une administration publique, cet ouvrage soul\u00e8ve les enjeux li\u00e9s \u00e0 l&rsquo;inclusion socioprofessionnelle des personnes en situation de handicap du fait d&rsquo;alt\u00e9rations psychiques, mentales et cognitives. Pour l&#8217;employeur public, historiquement engag\u00e9 en faveur de l&#8217;emploi des personnes en situation de handicap, de nouvelles questions se posent. Dans ce contexte de diversit\u00e9 des situations de handicap, les am\u00e9nagements de poste et les d\u00e9marches d&rsquo;int\u00e9gration dans l&#8217;emploi rel\u00e8vent de registres nouveaux. Il ne s&rsquo;agit plus d&rsquo;avoir une vision techniciste et objectivante du handicap mais bien de se laisser interpeller par la dimension environnementale et profond\u00e9ment subjective de situations de handicap qui se vivent plus qu&rsquo;elles ne se d\u00e9crivent. L&rsquo;enjeu soci\u00e9tal sous-jacent est celui de la reconnaissance des comp\u00e9tences des personnes et de leurs capacit\u00e9s \u00e0 s&rsquo;inscrire dans le monde du travail en opposition \u00e0 une identit\u00e9 professionnelle centr\u00e9e sur les d\u00e9ficiences et les limitations.<\/p>\n<p>Des mesures d&rsquo;aides aux employeurs publics existent. Des dispositifs d&rsquo;accompagnement \u00e9galement. De r\u00e9els enjeux li\u00e9s \u00e0 la connaissance et la compr\u00e9hension fine des m\u00e9canismes de compensation pertinents et de dispositifs innovants d&rsquo;accompagnement des \u00e9quipes voient le jour. Cela ne pourra cependant se faire sans un important travail de refonte de la gestion des ressources humaines dans la fonction publique et de lutte contre la stigmatisation.<\/p>\n<p>(Pr\u00e9sentation de l&rsquo;\u00e9diteur)<\/p>\n<p>FIPHFP<\/p>\n<p>Chronique sociale<\/p>\n<p>2016 &#8211; 128p.-120gr- 6\u20ac<\/p>\n<p>ISBN\u00a0: 978-2-36717-178-4<\/p>\n<p>Cote doc: 4-60-FIP-I<\/p>\n<span class=\"et_bloom_bottom_trigger\"><\/span>","protected":false},"excerpt":{"rendered":"<p>En prenant appui sur l&rsquo;analyse individuelle et collective d&rsquo;une situation de maintien dans l&#8217;emploi dans une administration publique, cet ouvrage soul\u00e8ve les enjeux li\u00e9s \u00e0 l&rsquo;inclusion socioprofessionnelle des personnes en situation de handicap du fait d&rsquo;alt\u00e9rations psychiques, mentales et cognitives.<\/p>\n","protected":false},"featured_media":640,"comment_status":"open","ping_status":"closed","template":"","meta":{"_et_pb_use_builder":"","_et_pb_old_content":"","_et_gb_content_width":"","spay_email":""},"class_list":["post-641","product","type-product","status-publish","has-post-thumbnail","hentry","product_cat-livres","product_tag-accompagnement","product_tag-emploi","product_tag-enjeux","product_tag-france","product_tag-integration-des-personnes-handicapees","product_tag-personne-handicapee","product_tag-societe"],"jetpack_sharing_enabled":true,"jetpack_likes_enabled":true,"_links":{"self":[{"href":"https:\/\/www.parthages.be\/eboutique\/wp-json\/wp\/v2\/product\/641","targetHints":{"allow":["GET"]}}],"collection":[{"href":"https:\/\/www.parthages.be\/eboutique\/wp-json\/wp\/v2\/product"}],"about":[{"href":"https:\/\/www.parthages.be\/eboutique\/wp-json\/wp\/v2\/types\/product"}],"replies":[{"embeddable":true,"href":"https:\/\/www.parthages.be\/eboutique\/wp-json\/wp\/v2\/comments?post=641"}],"wp:featuredmedia":[{"embeddable":true,"href":"https:\/\/www.parthages.be\/eboutique\/wp-json\/wp\/v2\/media\/640"}],"wp:attachment":[{"href":"https:\/\/www.parthages.be\/eboutique\/wp-json\/wp\/v2\/media?parent=641"}],"curies":[{"name":"wp","href":"https:\/\/api.w.org\/{rel}","templated":true}]}}