{"id":643,"date":"2016-05-17T11:47:09","date_gmt":"2016-05-17T09:47:09","guid":{"rendered":"https:\/\/www.parthages.be\/wordpress\/produit\/l-intervention-precoce-pour-enfants-autistes\/"},"modified":"2022-06-03T08:34:04","modified_gmt":"2022-06-03T06:34:04","slug":"l-intervention-precoce-pour-enfants-autistes","status":"publish","type":"product","link":"https:\/\/www.parthages.be\/eboutique\/produit\/l-intervention-precoce-pour-enfants-autistes\/","title":{"rendered":"L&rsquo;intervention pr\u00e9coce pour enfants autistes"},"content":{"rendered":"<p>Aux antipodes de la psychanalyse comme des techniques d\u2019inspiration behavioriste, et d\u00e9passant la question de l\u2019efficacit\u00e9 des \u00ab marques \u00bb d\u2019intervention (Lovaas, ABA, Denver, etc.), cet ouvrage a l\u2019ambition de refonder l\u2019intervention pr\u00e9coce intensive pour les enfants autistes d\u2019\u00e2ge pr\u00e9scolaire.<\/p>\n<p>Ancr\u00e9 dans les neurosciences cognitives de l\u2019autisme, il renouvelle d\u2019abord notre compr\u00e9hension des signes autistiques pr\u00e9coces. Il diss\u00e8que ensuite fondements, techniques et r\u00e9sultats de l\u2019intervention contemporaine cherchant \u00e0 r\u00e9duire ces signes, puis fournit les principes d\u2019une \u00e9ducation fond\u00e9e sur les forces des autistes, ce qu\u2019on doit viser \u00e0 changer chez eux, et comment on pourrait le faire, et ce qu\u2019on ne doit pas chercher \u00e0 changer. Il se termine par des propositions d\u2019organisation de l\u2019intervention au niveau des syst\u00e8mes \u00e9ducatifs et de sant\u00e9.<\/p>\n<p>Cet ouvrage s\u2019adresse \u00e0 un large public : les parents d\u2019enfants autistes venant de recevoir le diagnostic, les professionnels impliqu\u00e9s dans l\u2019intervention, les scientifiques et les chercheurs, les autistes adultes et les d\u00e9cideurs politiques \u00e0 l\u2019heure de l\u00e9gif\u00e9rer sur le soutien aux autistes.<\/p>\n<p>(Pr\u00e9sentation de l&rsquo;Editeur)<\/p>\n<p>MOTTRON L.<\/p>\n<p>Editions Mardaga<\/p>\n<p>2016- 256 p.-415gr- 35\u20ac<\/p>\n<p>ISBN\u00a0: 978-2-8047-0262-5<\/p>\n<p>Cote doc: 1-70-MOT-I<\/p>\n<span class=\"et_bloom_bottom_trigger\"><\/span>","protected":false},"excerpt":{"rendered":"<p>Aux antipodes de la psychanalyse comme des techniques d\u2019inspiration behavioriste, et d\u00e9passant la question de l\u2019efficacit\u00e9 des \u00ab marques \u00bb d\u2019intervention (Lovaas, ABA, Denver, etc.), cet ouvrage a l\u2019ambition de refonder l\u2019intervention pr\u00e9coce intensive pour les enfants autistes d\u2019\u00e2ge pr\u00e9scolaire.<\/p>\n","protected":false},"featured_media":642,"comment_status":"open","ping_status":"closed","template":"","meta":{"_et_pb_use_builder":"","_et_pb_old_content":"","_et_gb_content_width":"","spay_email":""},"class_list":["post-643","product","type-product","status-publish","has-post-thumbnail","hentry","product_cat-livres","product_tag-acquisition-des-connaissances","product_tag-autisme","product_tag-comportement-a-risque","product_tag-diagnostic-precoce","product_tag-education","product_tag-enfant","product_tag-intervention-precoce","product_tag-neuroscience","product_tag-socialisation","product_tag-trouble-du-comportement"],"jetpack_sharing_enabled":true,"jetpack_likes_enabled":true,"_links":{"self":[{"href":"https:\/\/www.parthages.be\/eboutique\/wp-json\/wp\/v2\/product\/643","targetHints":{"allow":["GET"]}}],"collection":[{"href":"https:\/\/www.parthages.be\/eboutique\/wp-json\/wp\/v2\/product"}],"about":[{"href":"https:\/\/www.parthages.be\/eboutique\/wp-json\/wp\/v2\/types\/product"}],"replies":[{"embeddable":true,"href":"https:\/\/www.parthages.be\/eboutique\/wp-json\/wp\/v2\/comments?post=643"}],"wp:featuredmedia":[{"embeddable":true,"href":"https:\/\/www.parthages.be\/eboutique\/wp-json\/wp\/v2\/media\/642"}],"wp:attachment":[{"href":"https:\/\/www.parthages.be\/eboutique\/wp-json\/wp\/v2\/media?parent=643"}],"curies":[{"name":"wp","href":"https:\/\/api.w.org\/{rel}","templated":true}]}}