{"id":645,"date":"2016-05-17T11:49:41","date_gmt":"2016-05-17T09:49:41","guid":{"rendered":"https:\/\/www.parthages.be\/wordpress\/produit\/la-pedagogie-de-l-inclusion-scolaire-3e-edition\/"},"modified":"2022-03-23T17:28:19","modified_gmt":"2022-03-23T16:28:19","slug":"la-pedagogie-de-l-inclusion-scolaire-3e-edition","status":"publish","type":"product","link":"https:\/\/www.parthages.be\/eboutique\/produit\/la-pedagogie-de-l-inclusion-scolaire-3e-edition\/","title":{"rendered":"La p\u00e9dagogie de l&rsquo;inclusion scolaire, 3e \u00e9dition"},"content":{"rendered":"<p>Accueillir tous les enfants dans la classe ordinaire, consid\u00e9rer avant tout ce qui les rassemble plut\u00f4t que ce qui les distingue\u2026 voil\u00e0 ce que met de l\u2019avant cet ouvrage qui vise \u00e0 contribuer \u00e0 l\u2019\u00e9mergence d\u2019une pratique p\u00e9dagogique inclusive responsable en s\u2019appuyant sur ce qu\u2019elle est fondamentalement et sur les changements organisationnels et p\u00e9dagogiques qu\u2019elle sous-tend.<\/p>\n<p>Enti\u00e8rement r\u00e9organis\u00e9e et comportant de nouveaux chapitres, cette troisi\u00e8me \u00e9dition refl\u00e8te les progr\u00e8s de la recherche en mati\u00e8re d\u2019inclusion scolaire et r\u00e9pond aux pr\u00e9occupations grandissantes du personnel enseignant relativement \u00e0 la pratique de l\u2019inclusion scolaire. R\u00e9unissant les textes d\u2019une trentaine de chercheurs, elle permet de d\u00e9velopper une meilleure compr\u00e9hension de ce qu\u2019est l\u2019inclusion scolaire et de d\u00e9couvrir des dimensions planificatrices et cr\u00e9atrices li\u00e9es \u00e0 toute pratique p\u00e9dagogique destin\u00e9e \u00e0 une diversit\u00e9 d\u2019\u00e9l\u00e8ves. Elle comprend \u00e9galement un glossaire des concepts cl\u00e9s facilitant l\u2019utilisation d\u2019un langage commun chez l\u2019ensemble des acteurs de la p\u00e9dagogie inclusive.<\/p>\n<p>Essentiel \u00e0 la formation initiale et continue en \u00e9ducation, cet ouvrage montre que l\u2019\u00e9ducation inclusive est certes un projet ambitieux, mais combien stimulant, et ce, tant pour les acteurs de l\u2019\u00e9ducation qui se l\u2019approprient que pour l\u2019ensemble des membres de la communaut\u00e9 qui en b\u00e9n\u00e9ficient. (Pr\u00e9sentation de l&rsquo;\u00e9diteur)<\/p>\n<p>ROUSSEAU N.<\/p>\n<p>Presses de l&rsquo;Universit\u00e9 du Quebec<\/p>\n<p>2015- 544 p.-830gr- 50\u20ac<\/p>\n<p>ISBN\u00a0: 978-2-7605-3995-2<\/p>\n<p>Cote doc\u00a0: 10-20-rou-p<\/p>\n<span class=\"et_bloom_bottom_trigger\"><\/span>","protected":false},"excerpt":{"rendered":"<p>Accueillir tous les enfants dans la classe ordinaire, consid\u00e9rer avant tout ce qui les rassemble plut\u00f4t que ce qui les distingue\u2026<\/p>\n","protected":false},"featured_media":644,"comment_status":"open","ping_status":"closed","template":"","meta":{"_et_pb_use_builder":"","_et_pb_old_content":"","_et_gb_content_width":"","spay_email":""},"class_list":["post-645","product","type-product","status-publish","has-post-thumbnail","hentry","product_cat-livres","product_tag-education","product_tag-enfant","product_tag-inclusion","product_tag-outil","product_tag-pedagogie-active","product_tag-scolarite"],"jetpack_sharing_enabled":true,"jetpack_likes_enabled":true,"_links":{"self":[{"href":"https:\/\/www.parthages.be\/eboutique\/wp-json\/wp\/v2\/product\/645","targetHints":{"allow":["GET"]}}],"collection":[{"href":"https:\/\/www.parthages.be\/eboutique\/wp-json\/wp\/v2\/product"}],"about":[{"href":"https:\/\/www.parthages.be\/eboutique\/wp-json\/wp\/v2\/types\/product"}],"replies":[{"embeddable":true,"href":"https:\/\/www.parthages.be\/eboutique\/wp-json\/wp\/v2\/comments?post=645"}],"wp:featuredmedia":[{"embeddable":true,"href":"https:\/\/www.parthages.be\/eboutique\/wp-json\/wp\/v2\/media\/644"}],"wp:attachment":[{"href":"https:\/\/www.parthages.be\/eboutique\/wp-json\/wp\/v2\/media?parent=645"}],"curies":[{"name":"wp","href":"https:\/\/api.w.org\/{rel}","templated":true}]}}