{"id":661,"date":"2016-05-17T13:24:41","date_gmt":"2016-05-17T11:24:41","guid":{"rendered":"https:\/\/www.parthages.be\/wordpress\/produit\/les-personnes-vulnerables-dans-le-nouveau-droit\/"},"modified":"2021-09-06T17:04:43","modified_gmt":"2021-09-06T15:04:43","slug":"les-personnes-vulnerables-dans-le-nouveau-droit","status":"publish","type":"product","link":"https:\/\/www.parthages.be\/eboutique\/produit\/les-personnes-vulnerables-dans-le-nouveau-droit\/","title":{"rendered":"Les personnes vuln\u00e9rables dans le nouveau droit"},"content":{"rendered":"<p>Il existe des lois avec lesquelles chacun aura \u00e0 faire un jour. La loi qui prot\u00e8ge les personnes fragiles en est une. Depuis le premier septembre 2014, cette protection a avanc\u00e9 d\u2019un grand pas dans la bonne direction.<\/p>\n<p>Quatre changements ont r\u00e9volutionn\u00e9 cette protection :\u00a0 \u2022 les divers r\u00e9gimes juridiques d\u2019incapacit\u00e9 s\u2019int\u00e8grent dans un seul statut global; \u2022 ces personnes fragiles pourront b\u00e9n\u00e9ficier non seulement d\u2019une protection patrimoniale, mais \u00e9galement de leur choix de r\u00e9sidence, des soins m\u00e9dicaux, de leurs droits en tant que patient&#8230;; \u2022 cette protection judiciaire est d\u00e9sormais pr\u00e9vue \u2018\u00e0 la carte\u2019, afin de limiter au minimum toute ing\u00e9rence n\u00e9cessaire; \u2022 la protection s\u2019organise \u00e9galement sans aucune intervention du juge, par le mandat.<\/p>\n<p>Ce cahier vous esquisse les r\u00e8gles essentielles de cette nouvelle l\u00e9gislation. Afin d\u2019\u00e9pauler les non-juristes autant que les juristes dans ce cadre tr\u00e8s r\u00e9novateur, il a opt\u00e9 pour une structure inhabituelle : non pas celle d\u2019un manuel qui r\u00e9p\u00e8te les chapitres de la loi, mais un menu. Cela refl\u00e8te exactement la philosophie de cette nouvelle l\u00e9gislation : une protection \u00e0 la carte. Dans la nouvelle administration, vous pourrez choisir entre la version \u2018light\u2019, donc du hors-d\u2019\u0153uvre jusqu\u2019\u00e0 la \u2018full option\u2019 du plat principal. Vous pourrez m\u00eame r\u00e9server \u00e0 l\u2019avance et d\u00e9cider vous-m\u00eame du menu. Il vous mettra \u00e9galement en garde pour l\u2019addition et la gueule de bois apr\u00e8s. Jan Nolf fut avocat pendant 10 ans et juge de paix pendant presque 25 ans. Dans cette fonction, il s\u2019est engag\u00e9 pour ces \u2018personnes fragiles dans le droit\u2018. Plusieurs de ses jugements ont t\u00e9moign\u00e9 d\u2019une \u2018opinion dissidente\u2019 dans leurs motifs mais sont finalement devenus une jurisprudence constante. Rares sont les juges de paix dont autant de jugements au sujet de \u2018l\u2019administration provisoire\u2019 ont \u00e9t\u00e9 publi\u00e9s et comment\u00e9s dans la presse professionnelle.(pr\u00e9sentation \u00e9diteur)<\/p>\n<p>NOLF J.<\/p>\n<p>INNI Publications<\/p>\n<p>2015- 90 p.-320gr-<\/p>\n<p>ISBN\u00a0: 978-90-8977-550-4<\/p>\n<p><strong><em>Uniquement \u00e0 la location<br \/>\n<\/em><\/strong>Cote doc\u00a0: 6-20-NOL-P<\/p>\n<span class=\"et_bloom_bottom_trigger\"><\/span>","protected":false},"excerpt":{"rendered":"<p>Il existe des lois avec lesquelles chacun aura \u00e0 faire un jour. La loi qui prot\u00e8ge les personnes fragiles en est une. Depuis le premier septembre 2014, cette protection a avanc\u00e9 d\u2019un grand pas dans la bonne direction. Quatre changements ont r\u00e9volutionn\u00e9 cette protection<\/p>\n","protected":false},"featured_media":660,"comment_status":"open","ping_status":"closed","template":"","meta":{"_et_pb_use_builder":"","_et_pb_old_content":"","_et_gb_content_width":"","spay_email":""},"class_list":["post-661","product","type-product","status-publish","has-post-thumbnail","hentry","product_cat-livres","product_tag-droit","product_tag-legalisation","product_tag-personne-en-difficulte","product_tag-protection-de-la-personne","product_tag-protection-juridique"],"jetpack_sharing_enabled":true,"jetpack_likes_enabled":true,"_links":{"self":[{"href":"https:\/\/www.parthages.be\/eboutique\/wp-json\/wp\/v2\/product\/661","targetHints":{"allow":["GET"]}}],"collection":[{"href":"https:\/\/www.parthages.be\/eboutique\/wp-json\/wp\/v2\/product"}],"about":[{"href":"https:\/\/www.parthages.be\/eboutique\/wp-json\/wp\/v2\/types\/product"}],"replies":[{"embeddable":true,"href":"https:\/\/www.parthages.be\/eboutique\/wp-json\/wp\/v2\/comments?post=661"}],"wp:featuredmedia":[{"embeddable":true,"href":"https:\/\/www.parthages.be\/eboutique\/wp-json\/wp\/v2\/media\/660"}],"wp:attachment":[{"href":"https:\/\/www.parthages.be\/eboutique\/wp-json\/wp\/v2\/media?parent=661"}],"curies":[{"name":"wp","href":"https:\/\/api.w.org\/{rel}","templated":true}]}}