{"id":671,"date":"2016-07-19T11:55:46","date_gmt":"2016-07-19T09:55:46","guid":{"rendered":"https:\/\/www.parthages.be\/wordpress\/produit\/des-mains-pour-parler-des-yeux-pour-entendre\/"},"modified":"2022-03-23T17:25:00","modified_gmt":"2022-03-23T16:25:00","slug":"des-mains-pour-parler-des-yeux-pour-entendre","status":"publish","type":"product","link":"https:\/\/www.parthages.be\/eboutique\/produit\/des-mains-pour-parler-des-yeux-pour-entendre\/","title":{"rendered":"Des mains pour parler: des yeux pour entendre"},"content":{"rendered":"<p>Les Sourds parlent avec leurs mains et entendent avec leurs yeux. Familiaris\u00e9 avec la langue des signes fran\u00e7aise, Andr\u00e9 Meynard travaille comme psychanalyste, notamment avec des enfants, des adolescents et des adultes Sourds. \u00c0 partir de cette clinique, il montre que la parole des Sourds qui signent s\u2019articule \u00e0 la dimension d\u00e9sirante. Il rend compte de leur cr\u00e9ativit\u00e9 langagi\u00e8re et nous invite \u00e0 d\u00e9couvrir comment l\u2019inconscient s\u2019y manifeste par exemple, \u00e0 travers lapsus, traits d\u2019esprit, r\u00e9cits de r\u00eaves&#8230;<\/p>\n<p>\u00a0<\/p>\n<p>Contrairement aux discours officiels qui consid\u00e8rent les enfants Sourds comme des handicap\u00e9s de la parole et du langage, Andr\u00e9 Meynard nous engage \u00e0 prendre la mesure de ce qu\u2019ils nous enseignent par l\u2019originalit\u00e9 de leur prise de parole. En effet, non seulement l\u2019\u0153il entend mais le geste nous inscrit en langage : en aucune mani\u00e8re ces modalit\u00e9s langagi\u00e8res ne font obstacle \u00e0 l\u2019acquisition d\u2019une langue \u00e9crite ou vocale.<\/p>\n<p>\u00a0<\/p>\n<p>Apr\u00e8s avoir \u00e9t\u00e9 longtemps interdite, la LSF se voit aujourd\u2019hui \u00e9cart\u00e9e des lieux d\u2019accueil et d\u2019\u00e9ducation des enfants Sourds, ce qui contribue \u00e0 les faire taire. Pour l\u2019auteur, la SPN (Surdit\u00e9 permanente n\u00e9onatale) \u00e0 d\u00e9tecter d\u00e8s le 2e jour de vie fait partie des maladies invent\u00e9es par les experts sanitaires qui soumettent d\u00e9j\u00e0 tous les dysfonctionnels, les hyperactifs, les futurs d\u00e9linquants aux m\u00eames grilles d\u2019\u00e9valuation si pris\u00e9es par nos cultures de la norme, sourdes \u00e0 l\u2019alt\u00e9rit\u00e9. (pr\u00e9sentation de l&rsquo;\u00e9diteur)<\/p>\n<p>\u00a0<\/p>\n<p>MEYNARD A.<\/p>\n<p>Editions Er\u00e8s<\/p>\n<p>2016 &#8211; 360 p.-385gr-28\u20ac<\/p>\n<p>ISBN\u00a0: 978-2-7492-5013-7<\/p>\n<span class=\"et_bloom_bottom_trigger\"><\/span>","protected":false},"excerpt":{"rendered":"<p>Les Sourds parlent avec leurs mains et entendent avec leurs yeux. Familiaris\u00e9 avec la langue des signes fran\u00e7aise, Andr\u00e9 Meynard travaille comme psychanalyste, notamment avec des enfants, des adolescents et des adultes Sourds.<\/p>\n","protected":false},"featured_media":670,"comment_status":"open","ping_status":"closed","template":"","meta":{"_et_pb_use_builder":"","_et_pb_old_content":"","_et_gb_content_width":"","spay_email":""},"class_list":["post-671","product","type-product","status-publish","has-post-thumbnail","hentry","product_cat-livres","product_tag-enfant","product_tag-integration-scolaire","product_tag-integration-sociale","product_tag-langue-des-signes","product_tag-psychanalyse","product_tag-surdite"],"jetpack_sharing_enabled":true,"jetpack_likes_enabled":true,"_links":{"self":[{"href":"https:\/\/www.parthages.be\/eboutique\/wp-json\/wp\/v2\/product\/671","targetHints":{"allow":["GET"]}}],"collection":[{"href":"https:\/\/www.parthages.be\/eboutique\/wp-json\/wp\/v2\/product"}],"about":[{"href":"https:\/\/www.parthages.be\/eboutique\/wp-json\/wp\/v2\/types\/product"}],"replies":[{"embeddable":true,"href":"https:\/\/www.parthages.be\/eboutique\/wp-json\/wp\/v2\/comments?post=671"}],"wp:featuredmedia":[{"embeddable":true,"href":"https:\/\/www.parthages.be\/eboutique\/wp-json\/wp\/v2\/media\/670"}],"wp:attachment":[{"href":"https:\/\/www.parthages.be\/eboutique\/wp-json\/wp\/v2\/media?parent=671"}],"curies":[{"name":"wp","href":"https:\/\/api.w.org\/{rel}","templated":true}]}}