{"id":677,"date":"2016-10-26T16:03:22","date_gmt":"2016-10-26T14:03:22","guid":{"rendered":"https:\/\/www.parthages.be\/wordpress\/produit\/autisme-et-culture-balades-au-musee-du-louvre\/"},"modified":"2022-06-07T09:25:51","modified_gmt":"2022-06-07T07:25:51","slug":"autisme-et-culture-balades-au-musee-du-louvre","status":"publish","type":"product","link":"https:\/\/www.parthages.be\/eboutique\/produit\/autisme-et-culture-balades-au-musee-du-louvre\/","title":{"rendered":"Autisme et culture Balades au Mus\u00e9e du Louvre"},"content":{"rendered":"<p>\u00ab Le Droit pour les personnes autistes d\u2019avoir acc\u00e8s \u00e0 la culture, aux loisirs, aux activit\u00e9s r\u00e9cr\u00e9atives et sportives et d\u2019en jouir pleinement \u00bb est-il inscrit dans la charte des droits pour les personnes autistes : mais, quelles possibilit\u00e9s culturelles peut-on offrir \u00e0 une personne avec autisme ?<\/p>\n<p>Depuis une quinzaine d\u2019ann\u00e9es, Catherine TREESE-DAQUIN accompagne r\u00e9guli\u00e8rement des adolescents et adultes autistes au Mus\u00e9e du Louvre et dans d\u2019autres lieux culturels de la r\u00e9gion parisienne.<br \/>\nC\u2019est cette activit\u00e9, chaque fois minutieusement pr\u00e9par\u00e9e, qui est narr\u00e9e dans cet ouvrage. Elle montre que contrairement \u00e0 encore beaucoup d\u2019id\u00e9es re\u00e7ues, il est possible d\u2019\u00e9veiller chez les personnes avec autisme une r\u00e9elle curiosit\u00e9 culturelle. Les t\u00e9moignages, \u00e9crits ou dessin\u00e9s, des personnes autistes elles-m\u00eames, renforcent ce propos.<\/p>\n<p>Sur ce sujet, Catherine TREESE-DAQUIN a cr\u00e9\u00e9 \u00e9galement des fiches en ligne sur le site du Mus\u00e9e du Louvre \u00ab Pistes de visites pour des publics atteints d\u2019autisme \u00bb (Pr\u00e9sentation de l&rsquo;editeur)<\/p>\n<p>TREESE-DAQUIN C.<br \/>\nAFD Editions<br \/>\n2016 &#8211; 158p.-222gr- 16\u20ac<br \/>\nISBN\u00a0: 978-2-917150-35-1<\/p>\n<p>Cote doc : 1-70-TRE-A<\/p>\n<span class=\"et_bloom_bottom_trigger\"><\/span>","protected":false},"excerpt":{"rendered":"<p>\u00ab Le Droit pour les personnes autistes d\u2019avoir acc\u00e8s \u00e0 la culture, aux loisirs, aux activit\u00e9s r\u00e9cr\u00e9atives et sportives et d\u2019en jouir pleinement \u00bb est-il inscrit dans la charte des droits pour les personnes autistes : mais, quelles possibilit\u00e9s culturelles peut-on offrir \u00e0 une personne avec autisme ?<\/p>\n","protected":false},"featured_media":676,"comment_status":"open","ping_status":"closed","template":"","meta":{"_et_pb_use_builder":"","_et_pb_old_content":"","_et_gb_content_width":"","spay_email":""},"class_list":["post-677","product","type-product","status-publish","has-post-thumbnail","hentry","product_cat-livres","product_tag-accessibilite","product_tag-accompagnement","product_tag-autisme","product_tag-culture","product_tag-expression-artistique","product_tag-loisir"],"jetpack_sharing_enabled":true,"jetpack_likes_enabled":true,"_links":{"self":[{"href":"https:\/\/www.parthages.be\/eboutique\/wp-json\/wp\/v2\/product\/677","targetHints":{"allow":["GET"]}}],"collection":[{"href":"https:\/\/www.parthages.be\/eboutique\/wp-json\/wp\/v2\/product"}],"about":[{"href":"https:\/\/www.parthages.be\/eboutique\/wp-json\/wp\/v2\/types\/product"}],"replies":[{"embeddable":true,"href":"https:\/\/www.parthages.be\/eboutique\/wp-json\/wp\/v2\/comments?post=677"}],"wp:featuredmedia":[{"embeddable":true,"href":"https:\/\/www.parthages.be\/eboutique\/wp-json\/wp\/v2\/media\/676"}],"wp:attachment":[{"href":"https:\/\/www.parthages.be\/eboutique\/wp-json\/wp\/v2\/media?parent=677"}],"curies":[{"name":"wp","href":"https:\/\/api.w.org\/{rel}","templated":true}]}}