{"id":679,"date":"2016-10-26T16:05:34","date_gmt":"2016-10-26T14:05:34","guid":{"rendered":"https:\/\/www.parthages.be\/wordpress\/produit\/handicap-psychique-questions-vives\/"},"modified":"2021-09-03T09:44:16","modified_gmt":"2021-09-03T07:44:16","slug":"handicap-psychique-questions-vives","status":"publish","type":"product","link":"https:\/\/www.parthages.be\/eboutique\/produit\/handicap-psychique-questions-vives\/","title":{"rendered":"Handicap psychique : questions vives"},"content":{"rendered":"<p>Dans un contexte marqu\u00e9 en France par le clivage entre le sanitaire et le m\u00e9dico-social, la loi \u00ab Handicap \u00bb du 11 f\u00e9vrier 2005 a introduit dans les faits le handicap psychique, d\u00e9j\u00e0 port\u00e9 depuis longtemps par les associations familiales et par certains acteurs de la psychiatrie. En encourageant la prise en compte de la vie quotidienne des personnes souffrant de troubles psychiques s\u00e9v\u00e8res, cette reconnaissance symbolique a trouv\u00e9 un \u00e9cho certain dans les pratiques m\u00e9dico-sociales et a renouvel\u00e9 la recherche en sciences sociales du handicap et de la sant\u00e9. Mais dix ans apr\u00e8s, qu\u2019en est-il des pratiques professionnelles dans un champ qui bouscule les cloisonnements traditionnels entre les univers du handicap et celui de la maladie mentale ?<\/p>\n<p>L&rsquo;abord du handicap psychique implique des remaniements en profondeur des pratiques de sant\u00e9, dont l\u2019enjeu est le d\u00e9passement du mod\u00e8le m\u00e9dical de la maladie au profit d\u2019un v\u00e9ritable changement de la culture des soins et de l\u2019accompagnement : construire un devenir favorable avec la perspective du r\u00e9tablissement, penser les patients comme des citoyens aux prises avec des institutions , d\u00e9velopper des m\u00e9thodes d\u2019\u00e9valuation int\u00e9grant le point de vue des sujets, \u00e9laborer des outils d\u2019analyse \u00e9conomique prenant en compte les valeurs des individus ou des collectifs de proches.<\/p>\n<p>Ce travail collectif met en \u00e9vidence cette dynamique qui, adoss\u00e9e \u00e0 une \u00e9thique humaniste, pousse acteurs de terrain et chercheurs \u00e0 sortir de leurs cultures respectives pour se rejoindre autour d&rsquo;un v\u00e9ritable projet social et politique.<\/p>\n<p>(Pr\u00e9sentation de l&rsquo;\u00e9diteur)<br \/>\nBOUCHERAT-HUE V.- LEGUAY D.- PACHOUD B.- PLAGNOL A.- WEBER F.<br \/>\nEditions Er\u00e8s<br \/>\n2016- 392 p.-560gr- 30\u20ac<br \/>\nISBN\u00a0: 978-2-74925153-0<br \/>\nCote doc\u00a0: 1-70-BOU-H<\/p>\n<span class=\"et_bloom_bottom_trigger\"><\/span>","protected":false},"excerpt":{"rendered":"<p>Dans un contexte marqu\u00e9 en France par le clivage entre le sanitaire et le m\u00e9dico-social, la loi \u00ab Handicap \u00bb du 11 f\u00e9vrier 2005 a introduit dans les faits le handicap psychique, d\u00e9j\u00e0 port\u00e9 depuis longtemps par les associations familiales et par certains acteurs de la psychiatrie.<\/p>\n","protected":false},"featured_media":678,"comment_status":"open","ping_status":"closed","template":"","meta":{"_et_pb_use_builder":"","_et_pb_old_content":"","_et_gb_content_width":"","spay_email":""},"class_list":["post-679","product","type-product","status-publish","has-post-thumbnail","hentry","product_cat-livres","product_tag-adolescent","product_tag-autisme","product_tag-education","product_tag-enfant","product_tag-handicap-mental","product_tag-handicap-physique","product_tag-neuroscience","product_tag-politique-sociale","product_tag-prise-en-charge","product_tag-psychanalyse","product_tag-trouble-cognitif"],"jetpack_sharing_enabled":true,"jetpack_likes_enabled":true,"_links":{"self":[{"href":"https:\/\/www.parthages.be\/eboutique\/wp-json\/wp\/v2\/product\/679","targetHints":{"allow":["GET"]}}],"collection":[{"href":"https:\/\/www.parthages.be\/eboutique\/wp-json\/wp\/v2\/product"}],"about":[{"href":"https:\/\/www.parthages.be\/eboutique\/wp-json\/wp\/v2\/types\/product"}],"replies":[{"embeddable":true,"href":"https:\/\/www.parthages.be\/eboutique\/wp-json\/wp\/v2\/comments?post=679"}],"wp:featuredmedia":[{"embeddable":true,"href":"https:\/\/www.parthages.be\/eboutique\/wp-json\/wp\/v2\/media\/678"}],"wp:attachment":[{"href":"https:\/\/www.parthages.be\/eboutique\/wp-json\/wp\/v2\/media?parent=679"}],"curies":[{"name":"wp","href":"https:\/\/api.w.org\/{rel}","templated":true}]}}