{"id":703,"date":"2017-01-16T14:51:00","date_gmt":"2017-01-16T13:51:00","guid":{"rendered":"https:\/\/www.parthages.be\/wordpress\/produit\/favoriser-l-insertion-des-jeunes-adultes-en-situation-de-vulnerabilite-outils-pour-un-suivi-individualise\/"},"modified":"2021-10-05T09:49:04","modified_gmt":"2021-10-05T07:49:04","slug":"favoriser-l-insertion-des-jeunes-adultes-en-situation-de-vulnerabilite-outils-pour-un-suivi-individualise","status":"publish","type":"product","link":"https:\/\/www.parthages.be\/eboutique\/produit\/favoriser-l-insertion-des-jeunes-adultes-en-situation-de-vulnerabilite-outils-pour-un-suivi-individualise\/","title":{"rendered":"Favoriser l&rsquo;insertion des jeunes adultes en situation de vuln\u00e9rabilit\u00e9. Outils pour un suivi individualis\u00e9"},"content":{"rendered":"<p>Un monde du travail toujours plus s\u00e9lectif laisse souvent sur la touche les jeunes que la vie, en raison de difficult\u00e9s ou d&rsquo;\u00e9checs r\u00e9p\u00e9t\u00e9s, a rendus plus vuln\u00e9rables. Comment, d\u00e8s lors, les aider \u00e0 mobiliser leurs ressources pour qu&rsquo;ils reprennent confiance en eux et croient, \u00e0 nouveau, en la possibilit\u00e9 d&rsquo;apprendre un m\u00e9tier ? Un accompagnement individualis\u00e9 peut, en fait, contribuer \u00e0 les soutenir dans la d\u00e9finition et la concr\u00e9tisation d&rsquo;un projet de vie. Cet ouvrage est le r\u00e9sultat d&rsquo;une \u00e9tude effectu\u00e9e en Suisse romande aupr\u00e8s de travailleurs sociaux sp\u00e9cialis\u00e9s dans le domaine de l&rsquo;insertion sociale et professionnelle. Il recense une quarantaine d&rsquo;outils utilis\u00e9s en entretien, ainsi que des propositions de r\u00e9solution de situations concr\u00e8tes illustrant les difficult\u00e9s que rencontrent ces jeunes. Ces diff\u00e9rents \u00e9l\u00e9ments sont ensuite discut\u00e9s afin de mieux comprendre les caract\u00e9ristiques de cette forme d&rsquo;intervention. Les professionnels actifs dans l&rsquo;insertion des jeunes adultes trouveront dans ce livre mati\u00e8re \u00e0 alimenter leur r\u00e9flexion sur leur propre pratique. Il s&rsquo;adresse, plus g\u00e9n\u00e9ralement, \u00e0 toute personne concern\u00e9e par cette question sociale.(Pr\u00e9sentation de l\u2019\u00e9diteur)<\/p>\n<p>QUAGLIA D.<\/p>\n<p>Chronique Sociale<\/p>\n<p>2015-128p.-200gr-14\u20ac<\/p>\n<p>ISBN\u00a0: 978-2-36717-115-9<\/p>\n<p>Cote doc\u00a0: 4-60-QUA-F<\/p>\n<span class=\"et_bloom_bottom_trigger\"><\/span>","protected":false},"excerpt":{"rendered":"<p>Un monde du travail toujours plus s\u00e9lectif laisse souvent sur la touche les jeunes que la vie, en raison de difficult\u00e9s ou d&rsquo;\u00e9checs r\u00e9p\u00e9t\u00e9s, a rendus plus vuln\u00e9rables.<\/p>\n","protected":false},"featured_media":702,"comment_status":"open","ping_status":"closed","template":"","meta":{"_et_pb_use_builder":"","_et_pb_old_content":"","_et_gb_content_width":"","spay_email":""},"class_list":["post-703","product","type-product","status-publish","has-post-thumbnail","hentry","product_cat-livres","product_tag-accompagnement","product_tag-insertion-professionnelle","product_tag-jeune-adulte","product_tag-outil","product_tag-pratique-dintervention","product_tag-projet-de-vie","product_tag-vulnerabilite"],"jetpack_sharing_enabled":true,"jetpack_likes_enabled":true,"_links":{"self":[{"href":"https:\/\/www.parthages.be\/eboutique\/wp-json\/wp\/v2\/product\/703","targetHints":{"allow":["GET"]}}],"collection":[{"href":"https:\/\/www.parthages.be\/eboutique\/wp-json\/wp\/v2\/product"}],"about":[{"href":"https:\/\/www.parthages.be\/eboutique\/wp-json\/wp\/v2\/types\/product"}],"replies":[{"embeddable":true,"href":"https:\/\/www.parthages.be\/eboutique\/wp-json\/wp\/v2\/comments?post=703"}],"wp:featuredmedia":[{"embeddable":true,"href":"https:\/\/www.parthages.be\/eboutique\/wp-json\/wp\/v2\/media\/702"}],"wp:attachment":[{"href":"https:\/\/www.parthages.be\/eboutique\/wp-json\/wp\/v2\/media?parent=703"}],"curies":[{"name":"wp","href":"https:\/\/api.w.org\/{rel}","templated":true}]}}