{"id":705,"date":"2017-01-16T14:52:02","date_gmt":"2017-01-16T13:52:02","guid":{"rendered":"https:\/\/www.parthages.be\/wordpress\/produit\/chomage-de-longue-duree-emploi-precaire-plaidoyer-pour-une-economie-solidaire\/"},"modified":"2021-09-20T11:40:56","modified_gmt":"2021-09-20T09:40:56","slug":"chomage-de-longue-duree-emploi-precaire-plaidoyer-pour-une-economie-solidaire","status":"publish","type":"product","link":"https:\/\/www.parthages.be\/eboutique\/produit\/chomage-de-longue-duree-emploi-precaire-plaidoyer-pour-une-economie-solidaire\/","title":{"rendered":"Chomage de longue dur\u00e9e &#8211; Emploi pr\u00e9caire Plaidoyer pour une \u00e9conomie solidaire"},"content":{"rendered":"<p>Il ne faut pas confondre \u00ab ch\u00f4mage \u00bb et \u00ab ch\u00f4mage de longue dur\u00e9e \u00bb source d&rsquo;exclusion sociale. L&rsquo;\u00e9volution du \u00ab ch\u00f4mage \u00bb ne concerne pas de la m\u00eame mani\u00e8re les plus \u00e9loign\u00e9s de l&#8217;emploi, les demandeurs d&#8217;emploi de longue dur\u00e9e et les autres.<\/p>\n<p>Situations<\/p>\n<p>Il est insupportable, et contraire aux \u00ab droits de l&rsquo;homme \u00bb, que ceux qui d\u00e9sirent travailler pour \u00ab gagner leur vie \u00bb en soient emp\u00each\u00e9s \u00e0 long terme par les exigences et l&rsquo;organisation actuelle de l&rsquo;\u00e9conomie.<\/p>\n<p>Plus que l&rsquo;augmentation des cr\u00e9dits, d\u00e9j\u00e0 tr\u00e8s importants, allou\u00e9s \u00e0 la politique de l&#8217;emploi et \u00e0 notre tr\u00e8s ch\u00e8re \u00ab infirmerie sociale \u00bb, c&rsquo;est avant tout un changement d&rsquo;optique qui s&rsquo;impose.<\/p>\n<p>Ce changement d&rsquo;optique consiste tout d&rsquo;abord \u00e0 comprendre et \u00e9viter les fausses pistes. Elles ont toutes un point commun?: elles sont r\u00e9fl\u00e9chies et \u00e9labor\u00e9es sans distinction entre ch\u00f4mage et ch\u00f4mage d&rsquo;exclusion. Partant d&rsquo;une telle confusion, elles ne peuvent aboutir qu&rsquo;\u00e0 l&rsquo;\u00e9chec.<\/p>\n<p>Mais critiquer ne suffit pas?; il y a aussi des \u00ab bonnes pistes \u00bb, nombreuses, qui sont porteuses d&rsquo;espoirs raisonnables. Les solutions sont \u00e0 notre port\u00e9e. Dans le cadre de l&rsquo;\u00e9conomie sociale et solidaire, certaines entreprises d\u00e9veloppent une autre logique \u00e9conomique, une logique fond\u00e9e sur le refus de l&rsquo;exclusion. Il faut aller jusqu&rsquo;au bout de ces logiques?: l&rsquo;essai doit \u00eatre transform\u00e9.<\/p>\n<p>Propositions<\/p>\n<p>Par respect des \u00ab droits de l&rsquo;homme \u00bb, nous devons \u0153uvrer pour l&rsquo;abolition du statut de demandeur d&#8217;emploi de longue dur\u00e9e et la cr\u00e9ation d&rsquo;un statut de demandeur d&#8217;emploi en emploi garanti.<\/p>\n<p>Les cons\u00e9quences d&rsquo;une proposition aussi ambitieuse m\u00e9ritent une \u00e9tude?! Instruits par l&rsquo;exp\u00e9rience de l&rsquo;\u00e9conomie solidaire, il est possible de transposer et de d\u00e9crire les fonctionnements qui permettront de rendre leur dignit\u00e9 \u00e0 tous les citoyens qui d\u00e9sirent \u00ab gagner leur vie \u00bb, par leur travail.<\/p>\n<p>(Pr\u00e9sentation de l&rsquo;\u00e9diteur)<\/p>\n<p>VALENTIN P.<\/p>\n<p>Chronique Sociale<\/p>\n<p>2009-176p.-250gr-14,50\u20ac<\/p>\n<p>ISBN\u00a0: 978-2-85008-741-7<\/p>\n<p>Cote doc\u00a0: 5-10-BAS-P<\/p>\n<span class=\"et_bloom_bottom_trigger\"><\/span>","protected":false},"excerpt":{"rendered":"<p>Il ne faut pas confondre \u00ab ch\u00f4mage \u00bb et \u00ab ch\u00f4mage de longue dur\u00e9e \u00bb source d&rsquo;exclusion sociale. L&rsquo;\u00e9volution du \u00ab ch\u00f4mage \u00bb ne concerne pas de la m\u00eame mani\u00e8re les plus \u00e9loign\u00e9s de l&#8217;emploi, les demandeurs d&#8217;emploi de longue dur\u00e9e et les autres.<\/p>\n","protected":false},"featured_media":704,"comment_status":"open","ping_status":"closed","template":"","meta":{"_et_pb_use_builder":"","_et_pb_old_content":"","_et_gb_content_width":"","spay_email":""},"class_list":["post-705","product","type-product","status-publish","has-post-thumbnail","hentry","product_cat-livres","product_tag-chomage","product_tag-discrimination","product_tag-etude","product_tag-exclusion-sociale","product_tag-precarite","product_tag-recherche-demploi","product_tag-valorisation"],"jetpack_sharing_enabled":true,"jetpack_likes_enabled":true,"_links":{"self":[{"href":"https:\/\/www.parthages.be\/eboutique\/wp-json\/wp\/v2\/product\/705","targetHints":{"allow":["GET"]}}],"collection":[{"href":"https:\/\/www.parthages.be\/eboutique\/wp-json\/wp\/v2\/product"}],"about":[{"href":"https:\/\/www.parthages.be\/eboutique\/wp-json\/wp\/v2\/types\/product"}],"replies":[{"embeddable":true,"href":"https:\/\/www.parthages.be\/eboutique\/wp-json\/wp\/v2\/comments?post=705"}],"wp:featuredmedia":[{"embeddable":true,"href":"https:\/\/www.parthages.be\/eboutique\/wp-json\/wp\/v2\/media\/704"}],"wp:attachment":[{"href":"https:\/\/www.parthages.be\/eboutique\/wp-json\/wp\/v2\/media?parent=705"}],"curies":[{"name":"wp","href":"https:\/\/api.w.org\/{rel}","templated":true}]}}