{"id":72,"date":"2012-09-24T11:37:53","date_gmt":"2012-09-24T09:37:53","guid":{"rendered":"https:\/\/www.parthages.be\/wordpress\/produit\/les-protections-des-personnes-adultes-fragilisees\/"},"modified":"2021-09-06T17:15:49","modified_gmt":"2021-09-06T15:15:49","slug":"les-protections-des-personnes-adultes-fragilisees","status":"publish","type":"product","link":"https:\/\/www.parthages.be\/eboutique\/produit\/les-protections-des-personnes-adultes-fragilisees\/","title":{"rendered":"Les protections des personnes adultes fragilis\u00e9es"},"content":{"rendered":"<p>En cas de difficult\u00e9s financi\u00e8res passag\u00e8res, faut-il n\u00e9gocier directement avec les cr\u00e9anciers ?<\/p>\n<ul>\n<li>Comment savoir s\u2019il faut introduire un r\u00e8glement collectif de dettes ?<\/li>\n<li>Dans ce cas, doit-on vendre sa voiture ou sa maison ?<\/li>\n<li>Peut-on imposer un administrateur provisoire \u00e0 une personne ?<\/li>\n<li>Comment savoir si quelqu\u2019un a un administrateur provisoire ?<\/li>\n<li>Quels sont les droits de la personne hospitalis\u00e9e sous contrainte ?<\/li>\n<\/ul>\n<p>Par personnes adultes fragilis\u00e9es on entend g\u00e9n\u00e9ralement les personnes qui, pour une raison ou une autre, souvent li\u00e9e \u00e0 leur \u00e9tat de sant\u00e9, sont diminu\u00e9es dans leurs facult\u00e9s mentales et physiques. Cette situation entra\u00eene pour elles des cons\u00e9quences tant au niveau de leur personne (traitement, hospitalisation, cons\u00e9quences juridiques de leurs actes, etc.) que de la gestion de leurs biens (notion de l\u2019argent, conscience de l\u2019importance des actes juridiques pos\u00e9s pour leur patrimoine, etc.).<\/p>\n<p>Des r\u00e9gimes de protection distincts sont organis\u00e9s et mettent tant\u00f4t l\u2019accent sur la protection de la personne, tant\u00f4t sur la gestion de ses biens. (Pr\u00e9sentation de l\u2019\u00e9diteur)<\/p>\n<p>KETELS D.- BEAUJEAN O.<\/p>\n<p>De Boeck &amp; Larcier<\/p>\n<p>2015-176p<\/p>\n<p>ISBN\u00a0: 978-2-8044-4489-1<\/p>\n<p>Cote doc\u00a0: 6-20-KET-P<\/p>\n<span class=\"et_bloom_bottom_trigger\"><\/span>","protected":false},"excerpt":{"rendered":"<p>En cas de difficult\u00e9s financi\u00e8res passag\u00e8res, faut-il n\u00e9gocier directement avec les cr\u00e9anciers ? Comment savoir s\u2019il faut introduire un r\u00e8glement collectif de dettes ? Dans ce cas, doit-on vendre sa voiture ou sa maison ? Peut-on imposer un administrateur provisoire \u00e0 une personne ? Comment savoir si quelqu\u2019un a un administrateur provisoire ? Quels sont [&hellip;]<\/p>\n","protected":false},"featured_media":71,"comment_status":"open","ping_status":"closed","template":"","meta":{"_et_pb_use_builder":"","_et_pb_old_content":"","_et_gb_content_width":"","spay_email":""},"class_list":["post-72","product","type-product","status-publish","has-post-thumbnail","hentry","product_cat-livres","product_tag-administrateur-provisoire","product_tag-defense-des-droits","product_tag-dette","product_tag-droit","product_tag-gestion-des-biens","product_tag-personne-en-difficulte","product_tag-protection-juridique"],"jetpack_sharing_enabled":true,"jetpack_likes_enabled":true,"_links":{"self":[{"href":"https:\/\/www.parthages.be\/eboutique\/wp-json\/wp\/v2\/product\/72","targetHints":{"allow":["GET"]}}],"collection":[{"href":"https:\/\/www.parthages.be\/eboutique\/wp-json\/wp\/v2\/product"}],"about":[{"href":"https:\/\/www.parthages.be\/eboutique\/wp-json\/wp\/v2\/types\/product"}],"replies":[{"embeddable":true,"href":"https:\/\/www.parthages.be\/eboutique\/wp-json\/wp\/v2\/comments?post=72"}],"wp:featuredmedia":[{"embeddable":true,"href":"https:\/\/www.parthages.be\/eboutique\/wp-json\/wp\/v2\/media\/71"}],"wp:attachment":[{"href":"https:\/\/www.parthages.be\/eboutique\/wp-json\/wp\/v2\/media?parent=72"}],"curies":[{"name":"wp","href":"https:\/\/api.w.org\/{rel}","templated":true}]}}