{"id":736,"date":"2017-04-20T15:09:40","date_gmt":"2017-04-20T13:09:40","guid":{"rendered":"https:\/\/www.parthages.be\/wordpress\/produit\/les-aventurieres-de-la-vie-le-handicap-au-dela-de-ses-limites\/"},"modified":"2021-08-17T10:15:33","modified_gmt":"2021-08-17T08:15:33","slug":"les-aventurieres-de-la-vie-le-handicap-au-dela-de-ses-limites","status":"publish","type":"product","link":"https:\/\/www.parthages.be\/eboutique\/produit\/les-aventurieres-de-la-vie-le-handicap-au-dela-de-ses-limites\/","title":{"rendered":"Les aventuri\u00e8res de la vie: le handicap au-del\u00e0 de ses limites"},"content":{"rendered":"<p>Les Aventuri\u00e8res : Si nous avons choisi ce th\u00e8me, c&rsquo;est pour montrer que nous, les personnes porteuses d&rsquo;une singularit\u00e9, pour vivre au quotidien, sans le savoir, nous prenons \u00e0 plein c\u0153ur et \u00e0 pleines mains la vie pour vivre notre diff\u00e9rence en tant que citoyennes. Nous avons trouv\u00e9 int\u00e9ressant de faire intervenir des personnes porteuses de handicap et des personnes valides pour que chacune, avec ses mots, son histoire personnelle, nous raconte qu&rsquo;au fond, porteur d&rsquo;une singularit\u00e9 ou pas, la vie c&rsquo;est une aventure merveilleuse si l&rsquo;on sait la regarder avec ouverture, solidarit\u00e9 et sens du partage.<\/p>\n<p>(pr\u00e9sentation de l&rsquo;\u00e9diteur)<\/p>\n<p>PIOT M.<\/p>\n<p>Editions L&rsquo;Harmattan<\/p>\n<p>2016 &#8211; 152 p.-185gr-15,50\u20ac<\/p>\n<p>ISBN\u00a0: 978-2-343-10901-5<\/p>\n<p>Cote doc\u00a0: 7-40-PIO-A<\/p>\n<span class=\"et_bloom_bottom_trigger\"><\/span>","protected":false},"excerpt":{"rendered":"<p>Les Aventuri\u00e8res : Si nous avons choisi ce th\u00e8me, c&rsquo;est pour montrer que nous, les personnes porteuses d&rsquo;une singularit\u00e9, pour vivre au quotidien, sans le savoir, nous prenons \u00e0 plein c\u0153ur et \u00e0 pleines mains la vie pour vivre notre diff\u00e9rence en tant que citoyennes<\/p>\n","protected":false},"featured_media":735,"comment_status":"open","ping_status":"closed","template":"","meta":{"_et_pb_use_builder":"","_et_pb_old_content":"","_et_gb_content_width":"","spay_email":""},"class_list":["post-736","product","type-product","status-publish","has-post-thumbnail","hentry","product_cat-livres","product_tag-citoyennete","product_tag-femme","product_tag-personne-handicapee","product_tag-solidarite","product_tag-violence"],"jetpack_sharing_enabled":true,"jetpack_likes_enabled":true,"_links":{"self":[{"href":"https:\/\/www.parthages.be\/eboutique\/wp-json\/wp\/v2\/product\/736","targetHints":{"allow":["GET"]}}],"collection":[{"href":"https:\/\/www.parthages.be\/eboutique\/wp-json\/wp\/v2\/product"}],"about":[{"href":"https:\/\/www.parthages.be\/eboutique\/wp-json\/wp\/v2\/types\/product"}],"replies":[{"embeddable":true,"href":"https:\/\/www.parthages.be\/eboutique\/wp-json\/wp\/v2\/comments?post=736"}],"wp:featuredmedia":[{"embeddable":true,"href":"https:\/\/www.parthages.be\/eboutique\/wp-json\/wp\/v2\/media\/735"}],"wp:attachment":[{"href":"https:\/\/www.parthages.be\/eboutique\/wp-json\/wp\/v2\/media?parent=736"}],"curies":[{"name":"wp","href":"https:\/\/api.w.org\/{rel}","templated":true}]}}