{"id":78,"date":"2012-09-24T11:37:53","date_gmt":"2012-09-24T09:37:53","guid":{"rendered":"https:\/\/www.parthages.be\/wordpress\/produit\/les-aidants-familiaux\/"},"modified":"2021-09-17T10:29:24","modified_gmt":"2021-09-17T08:29:24","slug":"les-aidants-familiaux","status":"publish","type":"product","link":"https:\/\/www.parthages.be\/eboutique\/produit\/les-aidants-familiaux\/","title":{"rendered":"Les aidants familiaux"},"content":{"rendered":"<p>En ce d\u00e9but de troisi\u00e8me mill\u00e9naire, l&rsquo;accompagnement \u00e0 domicile des personnes \u00e2g\u00e9es et des personnes handicap\u00e9es constitue un enjeu de soci\u00e9t\u00e9 r\u00e9actualis\u00e9.<\/p>\n<p>Le nombre de ces personnes et les possibilit\u00e9s de leur accompagnement, collectivement valoris\u00e9es, sont en effet en augmentation. Plusieurs solutions sont possibles pour prendre en charge ces personnes d\u00e9pendantes, dont l&rsquo;institutionnalisation et les diff\u00e9rentes formes de l&rsquo;aide \u00e0 domicile. Le recours aux aidants familiaux constitue une autre option qui correspond aux attentes des familles et des aid\u00e9s et satisfait la vie collective, dans la mesure o\u00f9 l&rsquo;action des aidants peut se substituer \u00e0 celles des acteurs publics.<\/p>\n<p>Cet ouvrage montre la difficult\u00e9 des aidants familiaux confront\u00e9s, d&rsquo;une part, \u00e0 l&rsquo;accompagnement des populations connaissant des formes in\u00e9gales et vari\u00e9es de la perte d&rsquo;autonomie et de la d\u00e9pendance et d&rsquo;autre part, aux contraintes difficiles impos\u00e9es par les familles et par les diff\u00e9rents niveaux de la puissance publique. Le recours \u00e0 des aidants familiaux \u00e9tant une solution \u00e0 un probl\u00e8me rencontr\u00e9 dans la vie collective, ces aidants ont la possibilit\u00e9 de se constituer en acteur collectif.<\/p>\n<p>Afin d&rsquo;\u00e9largir la r\u00e9flexion, deux situations, en Suisse et en Belgique, compl\u00e8tent l&rsquo;ouvrage.<\/p>\n<p>&nbsp;<\/p>\n<p>BLANC A.<\/p>\n<p>Edition PUG<\/p>\n<p>2010 -255p.- 21\u20ac<\/p>\n<p>ISBN: 978-2-7061-1620-9<\/p>\n<p>Cote doc: 5-20-BLA-A<\/p>\n<span class=\"et_bloom_bottom_trigger\"><\/span>","protected":false},"excerpt":{"rendered":"<p>En ce d\u00e9but de troisi\u00e8me mill\u00e9naire, l&rsquo;accompagnement \u00e0 domicile des personnes \u00e2g\u00e9es et des personnes handicap\u00e9es constitue un enjeu de soci\u00e9t\u00e9 r\u00e9actualis\u00e9.<\/p>\n","protected":false},"featured_media":77,"comment_status":"open","ping_status":"closed","template":"","meta":{"_et_pb_use_builder":"","_et_pb_old_content":"","_et_gb_content_width":"","spay_email":""},"class_list":["post-78","product","type-product","status-publish","has-post-thumbnail","hentry","product_cat-livres","product_tag-accompagnement","product_tag-aide-a-domicile","product_tag-dependance","product_tag-europe","product_tag-exclusion-sociale","product_tag-france","product_tag-personne-agee","product_tag-personne-handicapee","product_tag-relation-daide","product_tag-soins-a-domicile","product_tag-vieillissement"],"jetpack_sharing_enabled":true,"jetpack_likes_enabled":true,"_links":{"self":[{"href":"https:\/\/www.parthages.be\/eboutique\/wp-json\/wp\/v2\/product\/78","targetHints":{"allow":["GET"]}}],"collection":[{"href":"https:\/\/www.parthages.be\/eboutique\/wp-json\/wp\/v2\/product"}],"about":[{"href":"https:\/\/www.parthages.be\/eboutique\/wp-json\/wp\/v2\/types\/product"}],"replies":[{"embeddable":true,"href":"https:\/\/www.parthages.be\/eboutique\/wp-json\/wp\/v2\/comments?post=78"}],"wp:featuredmedia":[{"embeddable":true,"href":"https:\/\/www.parthages.be\/eboutique\/wp-json\/wp\/v2\/media\/77"}],"wp:attachment":[{"href":"https:\/\/www.parthages.be\/eboutique\/wp-json\/wp\/v2\/media?parent=78"}],"curies":[{"name":"wp","href":"https:\/\/api.w.org\/{rel}","templated":true}]}}