{"id":784,"date":"2017-12-11T13:29:11","date_gmt":"2017-12-11T12:29:11","guid":{"rendered":"https:\/\/www.parthages.be\/wordpress\/produit\/handicaps-et-accompagnement-a-la-vie-affective-sensuelle-et-sexuelle\/"},"modified":"2017-12-11T13:29:11","modified_gmt":"2017-12-11T12:29:11","slug":"handicaps-et-accompagnement-a-la-vie-affective-sensuelle-et-sexuelle","status":"publish","type":"product","link":"https:\/\/www.parthages.be\/eboutique\/produit\/handicaps-et-accompagnement-a-la-vie-affective-sensuelle-et-sexuelle\/","title":{"rendered":"Handicaps et accompagnement \u00e0 la vie affective sensuelle et sexuelle"},"content":{"rendered":"<p>Plaidoyer en faveur d&rsquo;une libert\u00e9!\u00a0<\/p>\n<p>Cet ouvrage tente d&rsquo;aborder tous les champs qu&rsquo;interroge l&rsquo;accompagnement \u00e0 la vie affective, intime, sensuelle et\/ou sexuelle des personnes en situation de handicap ou de perte d&rsquo;autonomie, en faisant intervenir des sp\u00e9cialistes du droit, de la politique, de la philosophie, de l&rsquo;accompagnement m\u00e9dicosocial, et des personnes concern\u00e9es par l&rsquo;accompagnement sexuel, soit en tant que pratiquante ou en tant que b\u00e9n\u00e9ficiaire &#8211; la majorit\u00e9 des intervenant.e.s font partie de l&rsquo;Association pour la promotion de l&rsquo;accompagnement sexuel (APPAS). La premi\u00e8re partie de ce livre est th\u00e9orique : elle vise \u00e0 faire r\u00e9fl\u00e9chir sur le contexte juridique et social de cet accompagnement ; sa seconde partie fait la part belle \u00e0 l&rsquo;exp\u00e9rience, aux t\u00e9moignages et aux r\u00e9flexions de personnes ayant pratiqu\u00e9 l&rsquo;accompagnement sexuel ou en ayant b\u00e9n\u00e9fici\u00e9, compl\u00e9t\u00e9s par le texte d&rsquo;un directeur d&rsquo;\u00e9tablissement et d&rsquo;une m\u00e8re qui aurait aim\u00e9 que son fils puisse en b\u00e9n\u00e9ficier. Cette dimension pratique permet de se rendre compte de ce que repr\u00e9sente le manque de rapport physique intime et de ce que l&rsquo;accompagnement affectif et sexuel peut apporter aux personnes qui en b\u00e9n\u00e9ficient. Par leur expertise et leurs exp\u00e9riences compl\u00e9mentaires, les auteurs souhaitent d\u00e9mythifier l&rsquo;accompagnement sexuel et montrer qu&rsquo;il est, non seulement, possible de pratiquer ce type d&rsquo;accompagnement en France mais \u00e9galement qu&rsquo;il est souhaitable de le reconna\u00eetre par le biais d&rsquo;une exception \u00e0 la loi sur le prox\u00e9n\u00e9tisme.<\/p>\n<p>(Pr\u00e9sentation de l&rsquo;\u00e9diteur)<\/p>\n<p>SOUS LA DIRECTION DE NUSS M. \u2013 ANCET P.<\/p>\n<p>EDITIONS CHRONIQUE SOCIALE<\/p>\n<p>2017 \u2013 168p- 14,90\u20ac<\/p>\n<p>ISBN\u00a0: 978-2-36717-416-7<\/p>\n<p>Cote doc\u00a0: 4-20-NUS-H<\/p>\n<span class=\"et_bloom_bottom_trigger\"><\/span>","protected":false},"excerpt":{"rendered":"<p>Cet ouvrage tente d&rsquo;aborder tous les champs qu&rsquo;interroge l&rsquo;accompagnement \u00e0 la vie affective, intime, sensuelle et\/ou sexuelle des personnes en situation de handicap ou de perte d&rsquo;autonomie,&#8230;<\/p>\n","protected":false},"featured_media":783,"comment_status":"open","ping_status":"closed","template":"","meta":{"_et_pb_use_builder":"","_et_pb_old_content":"","_et_gb_content_width":"","spay_email":""},"class_list":["post-784","product","type-product","status-publish","has-post-thumbnail","hentry","product_cat-livres","product_tag-accompagnement","product_tag-changement-social","product_tag-legislation","product_tag-liberte","product_tag-personne-handicapee","product_tag-relation-personne-handicapee-int","product_tag-sexualite","product_tag-temoignage","product_tag-vie-affective"],"jetpack_sharing_enabled":true,"jetpack_likes_enabled":true,"_links":{"self":[{"href":"https:\/\/www.parthages.be\/eboutique\/wp-json\/wp\/v2\/product\/784","targetHints":{"allow":["GET"]}}],"collection":[{"href":"https:\/\/www.parthages.be\/eboutique\/wp-json\/wp\/v2\/product"}],"about":[{"href":"https:\/\/www.parthages.be\/eboutique\/wp-json\/wp\/v2\/types\/product"}],"replies":[{"embeddable":true,"href":"https:\/\/www.parthages.be\/eboutique\/wp-json\/wp\/v2\/comments?post=784"}],"wp:featuredmedia":[{"embeddable":true,"href":"https:\/\/www.parthages.be\/eboutique\/wp-json\/wp\/v2\/media\/783"}],"wp:attachment":[{"href":"https:\/\/www.parthages.be\/eboutique\/wp-json\/wp\/v2\/media?parent=784"}],"curies":[{"name":"wp","href":"https:\/\/api.w.org\/{rel}","templated":true}]}}