{"id":816,"date":"2018-09-13T12:05:58","date_gmt":"2018-09-13T10:05:58","guid":{"rendered":"https:\/\/www.parthages.be\/wordpress\/produit\/du-signe-a-la-plume-traduction-de-la-langue-des-signes-de-belgique-francophone-vers-le-francais-quelques-pieges-a-eviter\/"},"modified":"2018-09-13T12:05:58","modified_gmt":"2018-09-13T10:05:58","slug":"du-signe-a-la-plume-traduction-de-la-langue-des-signes-de-belgique-francophone-vers-le-francais-quelques-pieges-a-eviter","status":"publish","type":"product","link":"https:\/\/www.parthages.be\/eboutique\/produit\/du-signe-a-la-plume-traduction-de-la-langue-des-signes-de-belgique-francophone-vers-le-francais-quelques-pieges-a-eviter\/","title":{"rendered":"Du signe \u00e0 la plume traduction de la langue des signes de Belgique francophone vers le fran\u00e7ais. Quelques pi\u00e8ges \u00e0 \u00e9viter"},"content":{"rendered":"<p>Les auteures offrent, dans ce tout premier manuel consacr\u00e9 \u00e0 la traduction de la Langue des Signes de Belgique francophone (LSFB) vers le fran\u00e7ais, une r\u00e9flexion et une analyse fines et passionnantes sur l&rsquo;acrobatie permanente qu&rsquo;est la traduction entre une langue visuo-gestuelle de tradition orale et une langue vocale dans sa dimension \u00e9crite. Ce manuel<strong> <\/strong>unique en son genre propose un outil pratique d&rsquo;apprentissage et de travail \u00e9tay\u00e9 de r\u00e9f\u00e9rences th\u00e9oriques. Loin d&rsquo;\u00e9dicter des r\u00e8gles, il a pour ambition de susciter les bonnes pratiques en orientant les traducteurs en qu\u00eate de balises th\u00e9oriques tout en les aidant \u00e0 d\u00e9jouer les pi\u00e8ges traductifs sp\u00e9cifiques \u00e0 cette combinaison de langues. Les lecteurs, qu&rsquo;ils soient \u00e9tudiants, enseignants, linguistes, traductologues ou simplement curieux des langues, trouveront \u00e0 travers la grande richesse des exemples \u00e9tudi\u00e9s autant d&rsquo;occasions de d\u00e9couvrir ou de red\u00e9couvrir la LSFB et le fran\u00e7ais d&rsquo;un nouveau regard, par le prisme de leur comparaison. De fa\u00e7on plus g\u00e9n\u00e9rale, toute personne int\u00e9ress\u00e9e par les sp\u00e9cificit\u00e9s d&rsquo;une langue visuelle, et de la LSFB en particulier, trouvera dans cet ouvrage mati\u00e8re \u00e0 nourrir ses r\u00e9flexions. Auteures Marie-Th\u00e9r\u00e8se Jamart et Isabelle Hulin sont interpr\u00e8tes et traductrices LSFB-fran\u00e7ais. Dounya Fran\u00e7ois est interpr\u00e8te et traductrice en allemand, n\u00e9erlandais et anglais (pr\u00e9sentation de l&rsquo;\u00e9diteur)<\/p>\n<p>\u00a0<\/p>\n<p>DOUNYA F.- HULIN I.- JAMART M.T.<\/p>\n<p>Presses universitaires de Namur<\/p>\n<p>2017-258p-39\u20ac<\/p>\n<p>391gr<\/p>\n<p>ISBN\u00a0: 978-2-87037-981-3<\/p>\n<p>Cote doc\u00a0: 10-10-DOU-S<\/p>\n<span class=\"et_bloom_bottom_trigger\"><\/span>","protected":false},"excerpt":{"rendered":"<p>Les auteures offrent, dans ce tout premier manuel consacr\u00e9 \u00e0 la traduction de la Langue des Signes de Belgique francophone (LSFB) vers le fran\u00e7ais&#8230;<\/p>\n","protected":false},"featured_media":815,"comment_status":"open","ping_status":"closed","template":"","meta":{"_et_pb_use_builder":"","_et_pb_old_content":"","_et_gb_content_width":"","spay_email":""},"class_list":["post-816","product","type-product","status-publish","has-post-thumbnail","hentry","product_cat-livres","product_tag-langue-des-signes","product_tag-outil","product_tag-reflexion","product_tag-strategie","product_tag-traducteur"],"jetpack_sharing_enabled":true,"jetpack_likes_enabled":true,"_links":{"self":[{"href":"https:\/\/www.parthages.be\/eboutique\/wp-json\/wp\/v2\/product\/816","targetHints":{"allow":["GET"]}}],"collection":[{"href":"https:\/\/www.parthages.be\/eboutique\/wp-json\/wp\/v2\/product"}],"about":[{"href":"https:\/\/www.parthages.be\/eboutique\/wp-json\/wp\/v2\/types\/product"}],"replies":[{"embeddable":true,"href":"https:\/\/www.parthages.be\/eboutique\/wp-json\/wp\/v2\/comments?post=816"}],"wp:featuredmedia":[{"embeddable":true,"href":"https:\/\/www.parthages.be\/eboutique\/wp-json\/wp\/v2\/media\/815"}],"wp:attachment":[{"href":"https:\/\/www.parthages.be\/eboutique\/wp-json\/wp\/v2\/media?parent=816"}],"curies":[{"name":"wp","href":"https:\/\/api.w.org\/{rel}","templated":true}]}}