{"id":846,"date":"2018-11-05T13:41:22","date_gmt":"2018-11-05T12:41:22","guid":{"rendered":"https:\/\/www.parthages.be\/wordpress\/produit\/proteger-ou-emanciper\/"},"modified":"2025-04-29T13:34:24","modified_gmt":"2025-04-29T11:34:24","slug":"proteger-ou-emanciper","status":"publish","type":"product","link":"https:\/\/www.parthages.be\/eboutique\/produit\/proteger-ou-emanciper\/","title":{"rendered":"Prot\u00e9ger ou \u00e9manciper ?"},"content":{"rendered":"<p><strong>Prot\u00e9ger ou \u00e9manciper ? <\/strong><\/p>\n<p><strong>Un retour aux sources et au sens de l\u2019accompagnement des personnes handicap\u00e9es<\/strong><\/p>\n<p><strong>\u00a0<\/strong><\/p>\n<p>Ce livre est un appel \u00e0 faire droit \u00e0 la singularit\u00e9 humaine la plus extr\u00eame pour que chacun apporte son originalit\u00e9 dans le patrimoine commun de l\u2019humanit\u00e9.<\/p>\n<p>Ce livre est un rappel de la vuln\u00e9rabilit\u00e9 qui est \u00e0 la racine de tout \u00eatre et de toute existence.<\/p>\n<p>Ce livre est une recommandation de mesures et dispositions. Il \u00e9voque le \u00ab Dispositif-Carat \u00bb qui fait ses preuves depuis 40 ans en Belgique et fonde ceux qui pratiquent \u00e0 formuler des propositions avant la r\u00e9\u00e9valuation en 2019 des progr\u00e8s accomplis en Belgique par rapport \u00e0 la Convention des Nations-Unies relative aux droits des personnes handicap\u00e9es.<\/p>\n<p>Ce livre invite toutes les parties prenantes \u00e0 se recentrer sur l\u2019essentiel, \u00e0 d\u00e9couvrir leurs synergies (qui ne naissent que dans le respect des diff\u00e9rences) en fondant les assises de l\u2019accompagnement voire en exigeant la nomination d\u2019un d\u00e9l\u00e9gu\u00e9 du gouvernement aux droits de la personne handicap\u00e9e qui coordonne tous les efforts qui visent un \u00e9quilibre o\u00f9 la volont\u00e9 d\u2019\u00e9manciper prime sur le d\u00e9sir de prot\u00e9ger. L\u00e0 o\u00f9 l\u2019emploi de personnes handicap\u00e9es appara\u00eet comme une contrainte, l\u2019auteur r\u00e9v\u00e8le, en tant qu\u2019entrepreneur, qu\u2019il peut aussi devenir un facteur de performance. H\u00e9las 90% de l\u2019aide accord\u00e9e aux personnes handicap\u00e9es vise leur protection et 10% leur \u00e9mancipation.<\/p>\n<p>Patrick Willemarck est consultant chez Wilcomorg, sp\u00e9cialis\u00e9 dans l\u2019innovation et l\u2019accompagnement de crises individuelles, sociales ou structurelles. Auparavant, il a dirig\u00e9 Young&amp;Rubicam, LoweTroost, Bozell Europe et Grey Worldwide et totalise plus de 20 ann\u00e9es d\u2019exp\u00e9rience de gestion de la communication dans un monde ou` tout est devenu communication. Tout sauf le monde des personnes handicap\u00e9es. On parle en leur nom mais qui les \u00e9coute, qui joue avec leurs cartes ? Ils sont enferm\u00e9s depuis la nuit des temps dans des protectorats humanitaires. C\u2019est ce qu\u2019il a d\u00e9couvert en si\u00e9geant au conseil d\u2019administration du Service d\u2019accompagnement de Bruxelles et en participant \u00e0 la campagne pour c\u00e9l\u00e9brer les 70 ans de la D\u00e9claration universelle des droits de l\u2019Homme, dont les jeunes handicap\u00e9s se sentent exclus. Il livre ici, en toute ind\u00e9pendance, un autre regard sur l\u2019accompagnement et le handicap qui sont en perte de sens.<\/p>\n<p>(Pr\u00e9sentation de l&rsquo;\u00e9diteur)<\/p>\n<p>WILLEMARK P.<\/p>\n<p>Editions T\u00e9l\u00e9livre<\/p>\n<p>2018-224p.-17\u20ac<\/p>\n<p>338gr<\/p>\n<p>ISBN\u00a0: 978-2-93033-115-7<\/p>\n<p>Cote doc\u00a0: 10-10-WIL-P<\/p>\n<span class=\"et_bloom_bottom_trigger\"><\/span>","protected":false},"excerpt":{"rendered":"<p><strong>Prot\u00e9ger ou \u00e9manciper ? Un retour aux sources et au sens de l\u2019accompagnement des personnes handicap\u00e9es<br \/>\n<\/strong><\/p>\n<p>Ce livre est un appel \u00e0 faire droit \u00e0 la singularit\u00e9 humaine la plus extr\u00eame pour que chacun apporte son originalit\u00e9 dans le patrimoine commun de l\u2019humanit\u00e9.<\/p>\n","protected":false},"featured_media":845,"comment_status":"open","ping_status":"closed","template":"","meta":{"_et_pb_use_builder":"","_et_pb_old_content":"","_et_gb_content_width":"","spay_email":""},"class_list":["post-846","product","type-product","status-publish","has-post-thumbnail","hentry","product_cat-livres","product_tag-accompagnement","product_tag-bruxelles","product_tag-deficience-intellectuelle","product_tag-emancipation","product_tag-emploi","product_tag-ethique","product_tag-loisir","product_tag-methodologie","product_tag-personne-handicapee","product_tag-re-cit-de-vie","product_tag-temoignage"],"jetpack_sharing_enabled":true,"jetpack_likes_enabled":true,"_links":{"self":[{"href":"https:\/\/www.parthages.be\/eboutique\/wp-json\/wp\/v2\/product\/846","targetHints":{"allow":["GET"]}}],"collection":[{"href":"https:\/\/www.parthages.be\/eboutique\/wp-json\/wp\/v2\/product"}],"about":[{"href":"https:\/\/www.parthages.be\/eboutique\/wp-json\/wp\/v2\/types\/product"}],"replies":[{"embeddable":true,"href":"https:\/\/www.parthages.be\/eboutique\/wp-json\/wp\/v2\/comments?post=846"}],"wp:featuredmedia":[{"embeddable":true,"href":"https:\/\/www.parthages.be\/eboutique\/wp-json\/wp\/v2\/media\/845"}],"wp:attachment":[{"href":"https:\/\/www.parthages.be\/eboutique\/wp-json\/wp\/v2\/media?parent=846"}],"curies":[{"name":"wp","href":"https:\/\/api.w.org\/{rel}","templated":true}]}}