{"id":850,"date":"2019-01-28T09:45:58","date_gmt":"2019-01-28T08:45:58","guid":{"rendered":"https:\/\/www.parthages.be\/wordpress\/produit\/scolariser-des-jeunes-differents-concretement-que-faire\/"},"modified":"2019-01-28T09:45:58","modified_gmt":"2019-01-28T08:45:58","slug":"scolariser-des-jeunes-differents-concretement-que-faire","status":"publish","type":"product","link":"https:\/\/www.parthages.be\/eboutique\/produit\/scolariser-des-jeunes-differents-concretement-que-faire\/","title":{"rendered":"Scolariser des jeunes diff\u00e9rents concr\u00e8tement que faire ?"},"content":{"rendered":"<p>L\u2019obligation de scolariser les jeunes de moins de 16 ans ne s\u2019applique pas toujours lorsqu\u2019 on est diff\u00e9rent avec un handicap cognitif ou mental. Ce constat n&rsquo;est pas une fatalit\u00e9. Il suffit d\u2019\u00e9coute, de bienveillance et d\u2019adaptabilit\u00e9. En s\u2019inspirant des mod\u00e8les qui ont fait leur preuve chez nos voisins belges ou canadiens, la p\u00e9dagogie individualis\u00e9e apporte ce qui permet de faire progresser. Scolaris\u00e9s \u00e0 TOURNESOL, tous ces jeunes \u00ab diff\u00e9rents \u00bb et \u00abexclus de l\u2019inclusion\u00bb ont pu montrer qu\u2019ils \u00e9taient capables de surmonter des \u00e9cueils, prouver leur savoir-faire, leurs comp\u00e9tences, leur compr\u00e9hension des \u00eatres, leur adaptabilit\u00e9 \u00e0 une soci\u00e9t\u00e9 r\u00e9tive. Ni \u00e9tablissement m\u00e9dico-\u00e9ducatif, ni \u00e9tablissement scolaire ordinaire, Tournesol est une structure \u00ab hors normes \u00bb : elle ne s\u2019\u00e9rige pas comme mod\u00e8le, mais apporte sa pierre \u00e0 l\u2019\u00e9difice complexe d\u2019une soci\u00e9t\u00e9 v\u00e9ritablement inclusive. (Pr\u00e9sentation de l\u2019Editeur)<\/p>\n<p>MARCHAL O.<\/p>\n<p>2018-192p.-15\u20ac<\/p>\n<p>171gr<\/p>\n<p>ISBN\u00a0: 978-2-35345-189-0<\/p>\n<p>Cote doc\u00a0: 4-50-MAR-S<\/p>\n<span class=\"et_bloom_bottom_trigger\"><\/span>","protected":false},"excerpt":{"rendered":"<p>L\u2019obligation de scolariser les jeunes de moins de 16 ans ne s\u2019applique pas toujours lorsqu\u2019 on est diff\u00e9rent avec un handicap cognitif ou mental. Ce constat n&rsquo;est pas une fatalit\u00e9. Il suffit d\u2019\u00e9coute, de bienveillance et d\u2019adaptabilit\u00e9.<\/p>\n","protected":false},"featured_media":849,"comment_status":"open","ping_status":"closed","template":"","meta":{"_et_pb_use_builder":"","_et_pb_old_content":"","_et_gb_content_width":"","spay_email":""},"class_list":["post-850","product","type-product","status-publish","has-post-thumbnail","hentry","product_cat-livres","product_tag-difficulte-scolaire","product_tag-enfant-handicape","product_tag-insertion","product_tag-pedagogie","product_tag-scolarisation","product_tag-societe"],"jetpack_sharing_enabled":true,"jetpack_likes_enabled":true,"_links":{"self":[{"href":"https:\/\/www.parthages.be\/eboutique\/wp-json\/wp\/v2\/product\/850","targetHints":{"allow":["GET"]}}],"collection":[{"href":"https:\/\/www.parthages.be\/eboutique\/wp-json\/wp\/v2\/product"}],"about":[{"href":"https:\/\/www.parthages.be\/eboutique\/wp-json\/wp\/v2\/types\/product"}],"replies":[{"embeddable":true,"href":"https:\/\/www.parthages.be\/eboutique\/wp-json\/wp\/v2\/comments?post=850"}],"wp:featuredmedia":[{"embeddable":true,"href":"https:\/\/www.parthages.be\/eboutique\/wp-json\/wp\/v2\/media\/849"}],"wp:attachment":[{"href":"https:\/\/www.parthages.be\/eboutique\/wp-json\/wp\/v2\/media?parent=850"}],"curies":[{"name":"wp","href":"https:\/\/api.w.org\/{rel}","templated":true}]}}