{"id":852,"date":"2019-01-28T09:48:51","date_gmt":"2019-01-28T08:48:51","guid":{"rendered":"https:\/\/www.parthages.be\/wordpress\/produit\/handicap-et-sexualite-2\/"},"modified":"2022-01-18T15:15:45","modified_gmt":"2022-01-18T14:15:45","slug":"handicap-et-sexualite-2","status":"publish","type":"product","link":"https:\/\/www.parthages.be\/eboutique\/produit\/handicap-et-sexualite-2\/","title":{"rendered":"Handicap et sexualit\u00e9"},"content":{"rendered":"<p>Cet ouvrage, fruit d&rsquo;une \u00e9troite collaboration entre enseignants-chercheurs, responsables de structures m\u00e9dico-sociales et repr\u00e9sentants associatifs ou parentaux, se focalise sur la vie affective et sexuelle des personnes en situation de handicap.<\/p>\n<p>Trois grandes parties sont \u00e0 l\u2019honneur.<\/p>\n<p>La premi\u00e8re propose des \u00e9l\u00e9ments de probl\u00e9matisation ayant trait aux logiques de protection, d\u2019assistance ou d\u2019accompagnement vers l\u2019autonomie, au poids de la stigmatisation ou des pr\u00e9jug\u00e9s tant du c\u00f4t\u00e9 des soignants que de celui de l\u2019entourage familial.<\/p>\n<p>L\u2019accent est ensuite mis sur l\u2019analyse des mobilisations et le d\u00e9cryptage de nouveaux espaces d\u2019expression ou de m\u00e9diation susceptibles de concilier \u00e9thique de la conviction et \u00e9thique de la responsabilit\u00e9.<\/p>\n<p>Les derniers chapitres sont consacr\u00e9s aux repr\u00e9sentations, aux t\u00e9moignages et aux retours d\u2019exp\u00e9riences, la reconnaissance de l\u2019alt\u00e9rit\u00e9 allant de pair avec celle de l\u2019\u00e9quit\u00e9.<\/p>\n<p>(Pr\u00e9sentation de l&rsquo;\u00e9diteur)<\/p>\n<p>FERREOL G<\/p>\n<p>Editions EME<\/p>\n<p>2017-184p<\/p>\n<p>ISBN\/\u00a0978-2-8066-3604-1<\/p>\n<p>Cote doc\u00a0: 4-20-FER-H<\/p>\n<p><strong><em>uniquement \u00e0 la location<\/em><\/strong><\/p>\n<span class=\"et_bloom_bottom_trigger\"><\/span>","protected":false},"excerpt":{"rendered":"<p>Cet ouvrage, fruit d&rsquo;une \u00e9troite collaboration entre enseignants-chercheurs, responsables de structures m\u00e9dico-sociales et repr\u00e9sentants associatifs ou parentaux, se focalise sur la vie affective et sexuelle des personnes en situation de handicap.<\/p>\n","protected":false},"featured_media":2303,"comment_status":"open","ping_status":"closed","template":"","meta":{"_et_pb_use_builder":"","_et_pb_old_content":"","_et_gb_content_width":"","spay_email":""},"class_list":["post-852","product","type-product","status-publish","has-post-thumbnail","hentry","product_cat-livres","product_tag-accompagnement","product_tag-autonomie","product_tag-ethique","product_tag-personne-handicapee","product_tag-protection","product_tag-relation-sexuelle","product_tag-sexualite","product_tag-temoignage","product_tag-vie-affective"],"jetpack_sharing_enabled":true,"jetpack_likes_enabled":true,"_links":{"self":[{"href":"https:\/\/www.parthages.be\/eboutique\/wp-json\/wp\/v2\/product\/852","targetHints":{"allow":["GET"]}}],"collection":[{"href":"https:\/\/www.parthages.be\/eboutique\/wp-json\/wp\/v2\/product"}],"about":[{"href":"https:\/\/www.parthages.be\/eboutique\/wp-json\/wp\/v2\/types\/product"}],"replies":[{"embeddable":true,"href":"https:\/\/www.parthages.be\/eboutique\/wp-json\/wp\/v2\/comments?post=852"}],"wp:featuredmedia":[{"embeddable":true,"href":"https:\/\/www.parthages.be\/eboutique\/wp-json\/wp\/v2\/media\/2303"}],"wp:attachment":[{"href":"https:\/\/www.parthages.be\/eboutique\/wp-json\/wp\/v2\/media?parent=852"}],"curies":[{"name":"wp","href":"https:\/\/api.w.org\/{rel}","templated":true}]}}