{"id":858,"date":"2019-01-28T09:58:14","date_gmt":"2019-01-28T08:58:14","guid":{"rendered":"https:\/\/www.parthages.be\/wordpress\/produit\/deficiences-intellectuelles-de-la-comprehension-a-la-remediation\/"},"modified":"2022-04-15T09:13:58","modified_gmt":"2022-04-15T07:13:58","slug":"deficiences-intellectuelles-de-la-comprehension-a-la-remediation","status":"publish","type":"product","link":"https:\/\/www.parthages.be\/eboutique\/produit\/deficiences-intellectuelles-de-la-comprehension-a-la-remediation\/","title":{"rendered":"D\u00e9ficiences intellectuelles de la compr\u00e9hension \u00e0 la rem\u00e9diation"},"content":{"rendered":"<p>Cet ouvrage donne aux th\u00e9rapeutes les informations essentielles sur la d\u00e9ficience intellectuelle et les prises en charges adapt\u00e9es selon l&rsquo;\u00e9tiologie.<\/p>\n<p>Ce livre fournit aux professionnels et aux \u00e9tudiants les informations les plus r\u00e9centes et les plus compl\u00e8tes sur la d\u00e9ficience intellectuelle et ses r\u00e9percutions tant que le plan neuropsychologique que psychopathologique. Il fait \u00e9galement le tour des prises en charges valid\u00e9es et adapt\u00e9es selon l&rsquo;\u00e9tiologie de la d\u00e9ficience? Autisme, trisomie 21 et autres anomalies chromosomiques, \u00e9pilepsie, maladies infectieuses. (Pr\u00e9sentation de l\u2019\u00e9diteur)<\/p>\n<p>Richard C.<\/p>\n<p>De Boeck sup\u00e9rieur<\/p>\n<p>2018-264p-<\/p>\n<p>423gr<\/p>\n<p>ISBN\u00a0: 978-2-35327-447-5<\/p>\n<p>Cote doc\u00a0: 2-40-RIC-D<\/p>\n<span class=\"et_bloom_bottom_trigger\"><\/span>","protected":false},"excerpt":{"rendered":"<p>Cet ouvrage donne aux th\u00e9rapeutes les informations essentielles sur la d\u00e9ficience intellectuelle et les prises en charges adapt\u00e9es selon l&rsquo;\u00e9tiologie.<\/p>\n","protected":false},"featured_media":857,"comment_status":"open","ping_status":"closed","template":"","meta":{"_et_pb_use_builder":"","_et_pb_old_content":"","_et_gb_content_width":"","spay_email":""},"class_list":["post-858","product","type-product","status-publish","has-post-thumbnail","hentry","product_cat-livres","product_tag-autisme","product_tag-deficience-intellectuelle","product_tag-epilepsie","product_tag-psychanalyse","product_tag-psychologie","product_tag-syndrome-de-lx-fragile","product_tag-syndrome-de-rett","product_tag-syndrome-prader-willi","product_tag-trisomie-21","product_tag-trouble-de-la-personnalite","product_tag-trouble-du-comportement"],"jetpack_sharing_enabled":true,"jetpack_likes_enabled":true,"_links":{"self":[{"href":"https:\/\/www.parthages.be\/eboutique\/wp-json\/wp\/v2\/product\/858","targetHints":{"allow":["GET"]}}],"collection":[{"href":"https:\/\/www.parthages.be\/eboutique\/wp-json\/wp\/v2\/product"}],"about":[{"href":"https:\/\/www.parthages.be\/eboutique\/wp-json\/wp\/v2\/types\/product"}],"replies":[{"embeddable":true,"href":"https:\/\/www.parthages.be\/eboutique\/wp-json\/wp\/v2\/comments?post=858"}],"wp:featuredmedia":[{"embeddable":true,"href":"https:\/\/www.parthages.be\/eboutique\/wp-json\/wp\/v2\/media\/857"}],"wp:attachment":[{"href":"https:\/\/www.parthages.be\/eboutique\/wp-json\/wp\/v2\/media?parent=858"}],"curies":[{"name":"wp","href":"https:\/\/api.w.org\/{rel}","templated":true}]}}