{"id":876,"date":"2019-06-11T14:35:21","date_gmt":"2019-06-11T12:35:21","guid":{"rendered":"https:\/\/www.parthages.be\/wordpress\/produit\/l-humain-d-abord-pour-les-professionnels-bien-traites-et-bientraitants\/"},"modified":"2019-06-11T14:35:21","modified_gmt":"2019-06-11T12:35:21","slug":"l-humain-d-abord-pour-les-professionnels-bien-traites-et-bientraitants","status":"publish","type":"product","link":"https:\/\/www.parthages.be\/eboutique\/produit\/l-humain-d-abord-pour-les-professionnels-bien-traites-et-bientraitants\/","title":{"rendered":"L&rsquo;humain d&rsquo;abord pour les professionnels bien trait\u00e9s et bientraitants"},"content":{"rendered":"<p>L&rsquo;\u00e9puisement professionnel et la perte de sens au travail, et sp\u00e9cifiquement \u00e0 l&rsquo;h\u00f4pital et dans les \u00e9tablissements sociaux et m\u00e9dico-sociaux, sont d\u00e9sormais monnaie courante. Dans cet entretien avec la journaliste La\u00ebtitia Delhon, Jean-Louis Deshaies retrace son parcours d&rsquo;\u00e9ducateur sp\u00e9cialis\u00e9 et de directeur d&rsquo;\u00e9tablissement, revient sur les raisons de l&rsquo;\u00e9puisement g\u00e9n\u00e9ral des professionnels et propose des solutions concr\u00e8tes pour y rem\u00e9dier (management participatif et co-constructif, \u00e9valuations internes, meilleure communication interne, r\u00e9flexion sur la repr\u00e9sentation syndicale&#8230;). Sans langue de bois, il expose tous les dysfonctionnements de l&rsquo;organisation du travail et invite \u00e0 sortir du fatalisme avec des solutions simples et de bons sens (d\u00e9roulement des r\u00e9unions de travail, processus am\u00e9lior\u00e9 de recrutement, lib\u00e9rer la parole des professionnels&#8230;). Un \u00ab\u00a0entretien v\u00e9rit\u00e9\u00a0\u00bb qui int\u00e9ressera tous les professionnels et cadres des \u00e9tablissements sociaux et m\u00e9dico-sociaux, de l&rsquo;h\u00f4pital et de l&rsquo;administration hospitali\u00e8re. (Pr\u00e9sentation de l&rsquo;\u00e9diteur)<\/p>\n<p>DESHAIES J.-L.<\/p>\n<p>Presses de l&rsquo;EHESP<\/p>\n<p>2017-250p.-18\u20ac<\/p>\n<p>178gr<\/p>\n<p>ISBN 978-2-8109-0634-5<\/p>\n<p>Cote doc: 5-20-DES-H<\/p>\n<span class=\"et_bloom_bottom_trigger\"><\/span>","protected":false},"excerpt":{"rendered":"<p>L&rsquo;\u00e9puisement professionnel et la perte de sens au travail, et sp\u00e9cifiquement \u00e0 l&rsquo;h\u00f4pital et dans les \u00e9tablissements sociaux et m\u00e9dico-sociaux, sont d\u00e9sormais monnaie courante.<\/p>\n","protected":false},"featured_media":875,"comment_status":"open","ping_status":"closed","template":"","meta":{"_et_pb_use_builder":"","_et_pb_old_content":"","_et_gb_content_width":"","spay_email":""},"class_list":["post-876","product","type-product","status-publish","has-post-thumbnail","hentry","product_cat-livres","product_tag-accompagnement","product_tag-communication","product_tag-epuisement-professionnel","product_tag-humanisation","product_tag-personne-handica-pee","product_tag-qualite-des-soins"],"jetpack_sharing_enabled":true,"jetpack_likes_enabled":true,"_links":{"self":[{"href":"https:\/\/www.parthages.be\/eboutique\/wp-json\/wp\/v2\/product\/876","targetHints":{"allow":["GET"]}}],"collection":[{"href":"https:\/\/www.parthages.be\/eboutique\/wp-json\/wp\/v2\/product"}],"about":[{"href":"https:\/\/www.parthages.be\/eboutique\/wp-json\/wp\/v2\/types\/product"}],"replies":[{"embeddable":true,"href":"https:\/\/www.parthages.be\/eboutique\/wp-json\/wp\/v2\/comments?post=876"}],"wp:featuredmedia":[{"embeddable":true,"href":"https:\/\/www.parthages.be\/eboutique\/wp-json\/wp\/v2\/media\/875"}],"wp:attachment":[{"href":"https:\/\/www.parthages.be\/eboutique\/wp-json\/wp\/v2\/media?parent=876"}],"curies":[{"name":"wp","href":"https:\/\/api.w.org\/{rel}","templated":true}]}}