{"id":898,"date":"2019-06-11T15:11:23","date_gmt":"2019-06-11T13:11:23","guid":{"rendered":"https:\/\/www.parthages.be\/wordpress\/produit\/les-trois-petits-cochons\/"},"modified":"2022-03-23T17:30:18","modified_gmt":"2022-03-23T16:30:18","slug":"les-trois-petits-cochons","status":"publish","type":"product","link":"https:\/\/www.parthages.be\/eboutique\/produit\/les-trois-petits-cochons\/","title":{"rendered":"Les trois petits cochons"},"content":{"rendered":"<p>Ce livre-jeu p\u00e9dagogique \u00ab Les trois petits cochons \u00bb, con\u00e7u par une \u00e9quipe pluridisciplinaire et subventionn\u00e9 par l\u2019Education nationale, est un merveilleux support et vous accompagne pour partager avec votre enfant cette confrontation joyeuse mais terrifiante entre les trois petits cochons malicieux et le m\u00e9chant loup. Ce projet de Florine Caro a \u00e9t\u00e9 r\u00e9alis\u00e9 en collaboration avec le CRA d\u2019Amiens. Le livret p\u00e9dagogique a \u00e9t\u00e9 r\u00e9alis\u00e9 en deux parties : une r\u00e9dig\u00e9e par l\u2019IME\/SESSAD Madeleine Br\u00e8s (Mutuelle La Mayotte) pour les enfants souffrant du trouble du spectre autistique et une autre par Florence Cabellan (professeure des \u00e9coles) \u00e0 destination des \u00e9l\u00e8ves de maternelle d\u00e8s 3 ans. (Pr\u00e9sentation de l&rsquo;\u00e9diteur)<\/p>\n<p>CARO F.<\/p>\n<p>TOM POUSSE<\/p>\n<p>2018-32p.- 80\u20ac<\/p>\n<p>1540gr<\/p>\n<p>ISBN\u00a0: 978-235345194-4<\/p>\n<p>Cote doc\u00a0: 10-10-CAR-T<\/p>\n<span class=\"et_bloom_bottom_trigger\"><\/span>","protected":false},"excerpt":{"rendered":"<p>Ce livre-jeu p\u00e9dagogique \u00ab Les trois petits cochons \u00bb, con\u00e7u par une \u00e9quipe pluridisciplinaire et subventionn\u00e9 par l\u2019Education nationale, est un merveilleux support et vous accompagne pour partager avec votre enfant cette confrontation joyeuse mais terrifiante entre les trois petits cochons malicieux et le m\u00e9chant loup.<\/p>\n","protected":false},"featured_media":897,"comment_status":"open","ping_status":"closed","template":"","meta":{"_et_pb_use_builder":"","_et_pb_old_content":"","_et_gb_content_width":"","spay_email":""},"class_list":["post-898","product","type-product","status-publish","has-post-thumbnail","hentry","product_cat-livres","product_tag-acces-a-la-communication","product_tag-autisme","product_tag-conte","product_tag-deficience-intellectuelle","product_tag-enfant-handicape","product_tag-jeu","product_tag-outil-pedagogique","product_tag-sensibilisation"],"jetpack_sharing_enabled":true,"jetpack_likes_enabled":true,"_links":{"self":[{"href":"https:\/\/www.parthages.be\/eboutique\/wp-json\/wp\/v2\/product\/898","targetHints":{"allow":["GET"]}}],"collection":[{"href":"https:\/\/www.parthages.be\/eboutique\/wp-json\/wp\/v2\/product"}],"about":[{"href":"https:\/\/www.parthages.be\/eboutique\/wp-json\/wp\/v2\/types\/product"}],"replies":[{"embeddable":true,"href":"https:\/\/www.parthages.be\/eboutique\/wp-json\/wp\/v2\/comments?post=898"}],"wp:featuredmedia":[{"embeddable":true,"href":"https:\/\/www.parthages.be\/eboutique\/wp-json\/wp\/v2\/media\/897"}],"wp:attachment":[{"href":"https:\/\/www.parthages.be\/eboutique\/wp-json\/wp\/v2\/media?parent=898"}],"curies":[{"name":"wp","href":"https:\/\/api.w.org\/{rel}","templated":true}]}}