{"id":922,"date":"2019-10-14T13:32:38","date_gmt":"2019-10-14T11:32:38","guid":{"rendered":"https:\/\/www.parthages.be\/wordpress\/produit\/la-dyslexie-petite-enfance-et-prevention\/"},"modified":"2022-05-16T20:25:14","modified_gmt":"2022-05-16T18:25:14","slug":"la-dyslexie-petite-enfance-et-prevention","status":"publish","type":"product","link":"https:\/\/www.parthages.be\/eboutique\/produit\/la-dyslexie-petite-enfance-et-prevention\/","title":{"rendered":"La dyslexie- petite enfance et pr\u00e9vention"},"content":{"rendered":"<p>A c\u00f4t\u00e9 des difficult\u00e9s qu&rsquo;ils connaissent, les dyslexiques ont aussi des atouts de par les qualit\u00e9s particuli\u00e8res qu&rsquo;ils poss\u00e8dent (pens\u00e9e en images, etc.) (&#8230;) La dyslexie s&rsquo;installe si l&rsquo;enfant n&rsquo;utilise pas pleinement ses capacit\u00e9s et les laisse ainsi s&rsquo;atrophier ; par contre si les dyslexiques re\u00e7oivent l&rsquo;apprentissage qui leur convient, ils sont dou\u00e9s. (&#8230;) Le Jardin d&rsquo;enfants Steiner-Waldorf est avant tout un lieu de vie. Ce qui est donn\u00e9 \u00e0 vivre aux jeunes enfants leur permet d&rsquo;effectuer \u00e0 leur rythme des apprentissages. Ils en retirent des savoir-faire qui deviendront ult\u00e9rieurement des acquis fond\u00e9s en eux-m\u00eames, des facult\u00e9s.\u00a0\u00bb Interpell\u00e9e par les enfants dyslexiques pendant ses ann\u00e9es d&rsquo;enseignement, l&rsquo;auteure a entrepris une recherche dont cet ouvrage est le r\u00e9sultat. L&rsquo;importance du soin apport\u00e9 \u00e0 la construction de l&rsquo;enfant dans ses premi\u00e8res ann\u00e9es, soulign\u00e9e si souvent par Rudolf Steiner il y a un si\u00e8cle, se trouve aujourd&rsquo;hui confirm\u00e9e par les travaux scientifiques. Un des m\u00e9rites de l&rsquo;auteure ? et ce n&rsquo;est pas le moindre ? est de proposer des moyens de pr\u00e9vention. Au fil de la lecture, une coh\u00e9rence se d\u00e9gage, montrant avec \u00e9vidence que, lorsque les besoins r\u00e9els, profonds des enfants sont satisfaits, la dyslexie a beaucoup moins de risque de se manifester. (Pr\u00e9sentation de l&rsquo;\u00e9diteur)<\/p>\n<p>GROU J.<\/p>\n<p>Chronique sociale<\/p>\n<p>2019-185p.-14\u20ac<\/p>\n<p>270 gr<\/p>\n<p>ISBN: 978-2-36717-570-6<\/p>\n<p>Cote doc : 2-30-GRO-D<\/p>\n<span class=\"et_bloom_bottom_trigger\"><\/span>","protected":false},"excerpt":{"rendered":"<p>A c\u00f4t\u00e9 des difficult\u00e9s qu&rsquo;ils connaissent, les dyslexiques ont aussi des atouts de par les qualit\u00e9s particuli\u00e8res qu&rsquo;ils poss\u00e8dent (pens\u00e9e en images, etc.) (&#8230;)<\/p>\n","protected":false},"featured_media":921,"comment_status":"open","ping_status":"closed","template":"","meta":{"_et_pb_use_builder":"","_et_pb_old_content":"","_et_gb_content_width":"","spay_email":""},"class_list":["post-922","product","type-product","status-publish","has-post-thumbnail","hentry","product_cat-livres","product_tag-activite","product_tag-apprentissage","product_tag-besoin","product_tag-difference","product_tag-dyslexie","product_tag-enfant","product_tag-personne-handicapee","product_tag-prevention","product_tag-soins"],"jetpack_sharing_enabled":true,"jetpack_likes_enabled":true,"_links":{"self":[{"href":"https:\/\/www.parthages.be\/eboutique\/wp-json\/wp\/v2\/product\/922","targetHints":{"allow":["GET"]}}],"collection":[{"href":"https:\/\/www.parthages.be\/eboutique\/wp-json\/wp\/v2\/product"}],"about":[{"href":"https:\/\/www.parthages.be\/eboutique\/wp-json\/wp\/v2\/types\/product"}],"replies":[{"embeddable":true,"href":"https:\/\/www.parthages.be\/eboutique\/wp-json\/wp\/v2\/comments?post=922"}],"wp:featuredmedia":[{"embeddable":true,"href":"https:\/\/www.parthages.be\/eboutique\/wp-json\/wp\/v2\/media\/921"}],"wp:attachment":[{"href":"https:\/\/www.parthages.be\/eboutique\/wp-json\/wp\/v2\/media?parent=922"}],"curies":[{"name":"wp","href":"https:\/\/api.w.org\/{rel}","templated":true}]}}