{"id":944,"date":"2020-01-16T12:21:10","date_gmt":"2020-01-16T11:21:10","guid":{"rendered":"https:\/\/www.parthages.be\/wordpress\/produit\/le-dossier-handicap-parole-de-temoin-et-parole-d-expert-vers-une-co-construction-des-discours\/"},"modified":"2020-01-16T12:21:10","modified_gmt":"2020-01-16T11:21:10","slug":"le-dossier-handicap-parole-de-temoin-et-parole-d-expert-vers-une-co-construction-des-discours","status":"publish","type":"product","link":"https:\/\/www.parthages.be\/eboutique\/produit\/le-dossier-handicap-parole-de-temoin-et-parole-d-expert-vers-une-co-construction-des-discours\/","title":{"rendered":"Le dossier : Handicap parole de t\u00e9moin et parole d&rsquo;expert : vers une co-construction des discours ?"},"content":{"rendered":"<p style=\"margin-bottom: 0cm;\" align=\"JUSTIFY\"><span style=\"color: #333333;\"><span style=\"font-family: Times New Roman, serif;\"><span style=\"font-size: medium;\">Ce dossier pr\u00e9sente des discours exprim\u00e9s par des personnes en situation de handicap et par leurs proches s&rsquo;exprimant en tant que t\u00e9moins et parfois en tant que t\u00e9moins ayant un statut d&rsquo;expert du handicap, ainsi que des discours \u00e9manant d&rsquo;experts valides du handicap. Les uns et les autres s&rsquo;int\u00e9ressent \u00e0 l&rsquo;exp\u00e9rience du handicap, \u00e0 ses repr\u00e9sentations et \u00e0 son traitement social (\u00e9volution des discours sur le handicap, de la place occup\u00e9e dans la soci\u00e9t\u00e9 par les personnes handicap\u00e9es et de leur participation \u00e0 la production des savoirs et des politiques qui les concernent). Nous avons fait le choix de pr\u00e9senter en premier les discours d&rsquo;experts valides, car ce sont eux qui d&rsquo;abord et surtout (historiquement et quantitativement) ont produit un discours savant, professionnel et acad\u00e9mique sur les personnes handicap\u00e9es. Ce sont encore aujourd&rsquo;hui principalement des auteurs valides qui sont l\u00e9gitim\u00e9s \u00e0 parler du handicap, m\u00eame si les usagers concern\u00e9s sont de plus en plus porteurs d&rsquo;un savoir et acteurs dans le champ du handicap et plus largement dans le champ social. (Pr\u00e9sentation de l&rsquo;\u00e9diteur)<\/span><\/span><\/span><\/p>\n<p style=\"margin-bottom: 0cm;\" align=\"JUSTIFY\"><span style=\"color: #333333;\"><span style=\"font-family: Times New Roman, serif;\"><span style=\"font-size: medium;\">LAVIGNE C.-<\/span><\/span><\/span> <span style=\"color: #333333;\"><span style=\"font-family: Times New Roman, serif;\"><span style=\"font-size: medium;\">PHILIP C.<\/span><\/span><\/span><\/p>\n<p style=\"margin-bottom: 0cm;\" align=\"JUSTIFY\"><span style=\"color: #333333;\"><span style=\"font-family: Times New Roman, serif;\"><span style=\"font-size: medium;\">Editions de l&rsquo;INSHEA<\/span><\/span><\/span><\/p>\n<p style=\"margin-bottom: 0cm;\" align=\"JUSTIFY\"><span style=\"color: #333333;\"><span style=\"font-family: Times New Roman, serif;\"><span style=\"font-size: medium;\">2016-368p.-18\u20ac<\/span><\/span><\/span><\/p>\n<p style=\"margin-bottom: 0cm;\" align=\"JUSTIFY\"><span style=\"color: #333333;\"><span style=\"font-family: Times New Roman, serif;\"><span style=\"font-size: medium;\">565gr<\/span><\/span><\/span><\/p>\n<p style=\"margin-bottom: 0cm;\" align=\"JUSTIFY\"><span style=\"color: #333333;\"><span style=\"font-family: Times New Roman, serif;\"><span style=\"font-size: medium;\">ISBN\u00a0:<\/span><\/span><\/span> <span style=\"color: #333333;\"><span style=\"font-family: Times New Roman, serif;\"><span style=\"font-size: medium;\">1957-0341<\/span><\/span><\/span><\/p>\n<p style=\"margin-bottom: 0cm;\" align=\"JUSTIFY\"><span style=\"color: #333333;\"><span style=\"font-family: Times New Roman, serif;\"><span style=\"font-size: medium;\">Cote doc\u00a0: 4-30-LAV-H<\/span><\/span><\/span><\/p>\n<span class=\"et_bloom_bottom_trigger\"><\/span>","protected":false},"excerpt":{"rendered":"<p><span style=\"color: #333333;\"><span style=\"font-family: Times New Roman, serif;\"><span style=\"font-size: medium;\">Ce dossier pr\u00e9sente des discours exprim\u00e9s par des personnes en situation de handicap et par leurs proches s&rsquo;exprimant en tant que t\u00e9moins et parfois en tant que t\u00e9moins ayant un statut d&rsquo;expert du handicap, ainsi que des discours \u00e9manant d&rsquo;experts valides du handicap.<\/span><\/span><\/span><\/p>\n","protected":false},"featured_media":943,"comment_status":"open","ping_status":"closed","template":"","meta":{"_et_pb_use_builder":"","_et_pb_old_content":"","_et_gb_content_width":"","spay_email":""},"class_list":["post-944","product","type-product","status-publish","has-post-thumbnail","hentry","product_cat-livres","product_tag-autisme","product_tag-droit","product_tag-participation-sociale","product_tag-pedagogie","product_tag-personne-handicapee","product_tag-recherche","product_tag-surdite","product_tag-temoignage"],"jetpack_sharing_enabled":true,"jetpack_likes_enabled":true,"_links":{"self":[{"href":"https:\/\/www.parthages.be\/eboutique\/wp-json\/wp\/v2\/product\/944","targetHints":{"allow":["GET"]}}],"collection":[{"href":"https:\/\/www.parthages.be\/eboutique\/wp-json\/wp\/v2\/product"}],"about":[{"href":"https:\/\/www.parthages.be\/eboutique\/wp-json\/wp\/v2\/types\/product"}],"replies":[{"embeddable":true,"href":"https:\/\/www.parthages.be\/eboutique\/wp-json\/wp\/v2\/comments?post=944"}],"wp:featuredmedia":[{"embeddable":true,"href":"https:\/\/www.parthages.be\/eboutique\/wp-json\/wp\/v2\/media\/943"}],"wp:attachment":[{"href":"https:\/\/www.parthages.be\/eboutique\/wp-json\/wp\/v2\/media?parent=944"}],"curies":[{"name":"wp","href":"https:\/\/api.w.org\/{rel}","templated":true}]}}